{"id":216704,"date":"2022-09-08T03:26:56","date_gmt":"2022-09-08T03:26:56","guid":{"rendered":"https:\/\/encuadre.org\/encuentro2022\/?page_id=216704"},"modified":"2022-09-29T23:32:03","modified_gmt":"2022-09-29T23:32:03","slug":"compra-con-factura","status":"publish","type":"page","link":"https:\/\/encuadre.org\/encuentro2022\/compra-con-factura\/","title":{"rendered":"Compra en l\u00ednea con factura"},"content":{"rendered":"<p>[et_pb_section fb_built=\u00bb1&#8243; module_id=\u00bbotros\u00bb _builder_version=\u00bb4.17.4&#8243; background_color=\u00bb#ff0092&#8243; background_enable_image=\u00bboff\u00bb background_position=\u00bbbottom_center\u00bb background_repeat=\u00bbrepeat\u00bb module_alignment=\u00bbcenter\u00bb custom_margin=\u00bb||\u00bb custom_padding=\u00bb70px||70px|||\u00bb hover_enabled=\u00bb0&#8243; custom_css_main_element=\u00bb   display: flex;||   flex-direction: column;||   justify-content: center;\u00bb global_colors_info=\u00bb{}\u00bb sticky_enabled=\u00bb0&#8243; disabled_on=\u00bbon|off|off\u00bb][et_pb_row _builder_version=\u00bb4.17.4&#8243; background_color=\u00bbrgba(0,0,0,0)\u00bb background_size=\u00bbinitial\u00bb background_position=\u00bbcenter_left\u00bb width=\u00bb65%\u00bb module_alignment=\u00bbcenter\u00bb custom_padding=\u00bb||||false|false\u00bb animation_style=\u00bbslide\u00bb animation_direction=\u00bbbottom\u00bb global_colors_info=\u00bb{}\u00bb][et_pb_column type=\u00bb4_4&#8243; _builder_version=\u00bb4.16&#8243; custom_padding=\u00bb|||\u00bb global_colors_info=\u00bb{}\u00bb custom_padding__hover=\u00bb|||\u00bb][et_pb_code _builder_version=\u00bb4.17.4&#8243; background_size=\u00bbcontain\u00bb background_position=\u00bbtop_right\u00bb custom_css_main_element=\u00bbtext-align:center;\u00bb global_colors_info=\u00bb{}\u00bb]<\/p>\n<h1 style=\"text-align:center; font-size: 4em; color:#ffca1b;\">Compra en l\u00ednea con factura<\/h1>\n<p>[\/et_pb_code][\/et_pb_column][\/et_pb_row][\/et_pb_section][et_pb_section fb_built=\u00bb1&#8243; module_id=\u00bbotros\u00bb _builder_version=\u00bb4.17.4&#8243; background_color=\u00bb#ff0092&#8243; background_enable_image=\u00bboff\u00bb background_position=\u00bbbottom_center\u00bb background_repeat=\u00bbrepeat\u00bb module_alignment=\u00bbcenter\u00bb custom_margin=\u00bb||\u00bb custom_padding=\u00bb70px||2px|||\u00bb hover_enabled=\u00bb0&#8243; custom_css_main_element=\u00bb   display: flex;||   flex-direction: column;||   justify-content: center;\u00bb global_colors_info=\u00bb{}\u00bb sticky_enabled=\u00bb0&#8243; disabled_on=\u00bboff|on|on\u00bb][et_pb_row _builder_version=\u00bb4.17.4&#8243; background_color=\u00bbrgba(0,0,0,0)\u00bb background_size=\u00bbinitial\u00bb background_position=\u00bbcenter_left\u00bb width=\u00bb85%\u00bb module_alignment=\u00bbcenter\u00bb custom_padding=\u00bb||||false|false\u00bb animation_style=\u00bbslide\u00bb animation_direction=\u00bbbottom\u00bb hover_enabled=\u00bb0&#8243; global_colors_info=\u00bb{}\u00bb sticky_enabled=\u00bb0&#8243;][et_pb_column type=\u00bb4_4&#8243; _builder_version=\u00bb4.16&#8243; custom_padding=\u00bb|||\u00bb global_colors_info=\u00bb{}\u00bb custom_padding__hover=\u00bb|||\u00bb][et_pb_code _builder_version=\u00bb4.17.4&#8243; background_size=\u00bbcontain\u00bb background_position=\u00bbtop_right\u00bb hover_enabled=\u00bb0&#8243; custom_css_main_element=\u00bbtext-align:center;\u00bb global_colors_info=\u00bb{}\u00bb sticky_enabled=\u00bb0&#8243;]<\/p>\n<h1 style=\"text-align:center; font-size: 2.5em; color:#ffca1b;\">Compra en l\u00ednea con factura<\/h1>\n<p>[\/et_pb_code][\/et_pb_column][\/et_pb_row][\/et_pb_section][et_pb_section fb_built=\u00bb1&#8243; module_id=\u00bbotros\u00bb _builder_version=\u00bb4.17.4&#8243; background_color=\u00bb#ff0092&#8243; background_image=\u00bbhttps:\/\/encuadre.org\/encuentro2022\/wp-content\/uploads\/2022\/08\/hp_back-amarillo.png\u00bb background_size=\u00bbcontain\u00bb background_position=\u00bbtop_center\u00bb background_repeat=\u00bbrepeat\u00bb module_alignment=\u00bbcenter\u00bb custom_margin=\u00bb||\u00bb custom_padding=\u00bb70px||70px|||\u00bb hover_enabled=\u00bb0&#8243; custom_css_main_element=\u00bb   display: flex;||   flex-direction: column;||   justify-content: center;\u00bb global_colors_info=\u00bb{}\u00bb sticky_enabled=\u00bb0&#8243;][et_pb_row column_structure=\u00bb1_2,1_2&#8243; _builder_version=\u00bb4.17.4&#8243; _module_preset=\u00bbdefault\u00bb background_color=\u00bb#ffca1b\u00bb width=\u00bb85%\u00bb custom_margin=\u00bb||||false|false\u00bb custom_padding=\u00bb2em|2em|2em|2em|true|true\u00bb hover_enabled=\u00bb0&#8243; global_colors_info=\u00bb{}\u00bb sticky_enabled=\u00bb0&#8243;][et_pb_column type=\u00bb1_2&#8243; _builder_version=\u00bb4.17.4&#8243; _module_preset=\u00bbdefault\u00bb background_enable_color=\u00bboff\u00bb global_colors_info=\u00bb{}\u00bb][et_pb_code _builder_version=\u00bb4.17.4&#8243; _module_preset=\u00bbdefault\u00bb hover_enabled=\u00bb0&#8243; global_colors_info=\u00bb{}\u00bb sticky_enabled=\u00bb0&#8243;]<\/p>\n<div style=\"font-size:1.2em;font-weight:bold;\"><!-- [et_pb_line_break_holder] --><\/p>\n<h2 style=\"font-size:1.1em;margin:0 0 0 0;\">  Pagos para grupos de alumnos y\/o facturaci\u00f3n:<\/h2>\n<p><!-- [et_pb_line_break_holder] --><pee style=\"font-size:.9em;\"><!-- [et_pb_line_break_holder] -->  Dep\u00f3sito bancario o transferencia bancaria a la siguiente cuenta:<\/pee><!-- [et_pb_line_break_holder] --><!-- [et_pb_line_break_holder] -->  <\/p>\n<ul style=\"margin:.5em .2em; background-color:#ff0092;color:#ffca1b; padding:1em;list-style:none;\"><!-- [et_pb_line_break_holder] -->    <\/p>\n<li>Instituto de Estudios Superiores de Tamaulipas A.C.<\/li>\n<p><!-- [et_pb_line_break_holder] -->    <\/p>\n<ul style=\"list-style:none;\">\n<li>IES-780227-VA7<\/li>\n<p><!-- [et_pb_line_break_holder] -->  <\/p>\n<li>BANORTE<\/li>\n<p><!-- [et_pb_line_break_holder] -->  <\/p>\n<li>Cuenta de cheques: 0180011757<\/li>\n<p><!-- [et_pb_line_break_holder] -->  <\/p>\n<li>Cuenta clabe: 072813001800117579<\/li>\n<p><!-- [et_pb_line_break_holder] -->  <\/p>\n<li>Sucursal 180<\/li>\n<p><!-- [et_pb_line_break_holder] -->  <\/ul>\n<\/ul>\n<p><!-- [et_pb_line_break_holder] -->  <\/pee><!-- [et_pb_line_break_holder] -->  <!-- [et_pb_line_break_holder] --><!-- [et_pb_line_break_holder] --><!-- [et_pb_line_break_holder] --><!-- [et_pb_line_break_holder] -->  <\/div>\n<p><!-- [et_pb_line_break_holder] -->[\/et_pb_code][\/et_pb_column][et_pb_column type=\u00bb1_2&#8243; _builder_version=\u00bb4.17.4&#8243; _module_preset=\u00bbdefault\u00bb global_colors_info=\u00bb{}\u00bb][et_pb_code _builder_version=\u00bb4.17.4&#8243; _module_preset=\u00bbdefault\u00bb hover_enabled=\u00bb0&#8243; global_colors_info=\u00bb{}\u00bb sticky_enabled=\u00bb0&#8243;]<\/p>\n<div style=\"font-size:1em;font-weight:bold;\"><!-- [et_pb_line_break_holder] --><pee style=\"font-size:1em;\"><!-- [et_pb_line_break_holder] --> En caso de requerir factura se deber\u00e1 de indicar en el mismo correo en donde se env\u00ede la informaci\u00f3n del pago; adjuntando los datos de facturaci\u00f3n y adjuntando la constancia de situaci\u00f3n fiscal y el uso del CFDI.<\/pee><!-- [et_pb_line_break_holder] --><pee style=\"font-size:1em;\">Las facturas deben solicitarse al momento de la transferencia y cumplir con lo anterior mencionado para poder realizarlas.<\/pee><!-- [et_pb_line_break_holder] --><pee style=\"font-size:1em;\">Es importante que se env\u00eden los comprobantes de pago en imagen JPG o PDF para identificar la transferencia y poder elaborar los recibos de la compra.<\/pee><!-- [et_pb_line_break_holder] --><pee style=\"font-size:1em;\">Enviar nombre completo o adjuntar el listado de alumnos (en caso de ser un grupo) con su nombre completo para realizar las constancias de participaci\u00f3n. <\/pee><!-- [et_pb_line_break_holder] --> <\/div>\n<p><!-- [et_pb_line_break_holder] -->[\/et_pb_code][\/et_pb_column][\/et_pb_row][et_pb_row _builder_version=\u00bb4.17.4&#8243; _module_preset=\u00bbdefault\u00bb background_color=\u00bb#ffca1b\u00bb width=\u00bb85%\u00bb custom_margin=\u00bb||||false|false\u00bb custom_padding=\u00bb2em|2em|2em|2em|true|true\u00bb hover_enabled=\u00bb0&#8243; global_colors_info=\u00bb{}\u00bb sticky_enabled=\u00bb0&#8243;][et_pb_column type=\u00bb4_4&#8243; _builder_version=\u00bb4.17.4&#8243; _module_preset=\u00bbdefault\u00bb background_enable_color=\u00bboff\u00bb global_colors_info=\u00bb{}\u00bb][et_pb_code _builder_version=\u00bb4.17.4&#8243; _module_preset=\u00bbdefault\u00bb hover_enabled=\u00bb0&#8243; global_colors_info=\u00bb{}\u00bb sticky_enabled=\u00bb0&#8243;]<\/p>\n<div style=\"text-align:center;font-size:1em;font-weight:bold;\"><!-- [et_pb_line_break_holder] --><\/p>\n<h2 style=\"font-size:1.5em;margin:0 0 -2em; 0;\">  Correos para enviar informaci\u00f3n:<\/h2>\n<p><!-- [et_pb_line_break_holder] --><\/div>\n<p>[\/et_pb_code][\/et_pb_column][\/et_pb_row][et_pb_row column_structure=\u00bb1_2,1_2&#8243; _builder_version=\u00bb4.17.4&#8243; _module_preset=\u00bbdefault\u00bb background_color=\u00bb#ffca1b\u00bb width=\u00bb85%\u00bb custom_margin=\u00bb||||false|false\u00bb custom_padding=\u00bb2em|2em|2em|2em|true|true\u00bb hover_enabled=\u00bb0&#8243; global_colors_info=\u00bb{}\u00bb sticky_enabled=\u00bb0&#8243;][et_pb_column type=\u00bb1_2&#8243; _builder_version=\u00bb4.17.4&#8243; _module_preset=\u00bbdefault\u00bb background_enable_color=\u00bboff\u00bb global_colors_info=\u00bb{}\u00bb][et_pb_code _builder_version=\u00bb4.17.4&#8243; _module_preset=\u00bbdefault\u00bb hover_enabled=\u00bb0&#8243; global_colors_info=\u00bb{}\u00bb sticky_enabled=\u00bb0&#8243; custom_margin=\u00bb||-10px||false|false\u00bb]<\/p>\n<div style=\"font-size:1em;font-weight:bold; text-align:center;\"><!-- [et_pb_line_break_holder] --><\/p>\n<dl style=\"background-color:#ff0092;color:#ffca1b; padding:.5em;list-style:none;\"><!-- [et_pb_line_break_holder] -->  <\/p>\n<dt>Lic. Lizette Saldivar<\/dt>\n<p><!-- [et_pb_line_break_holder] -->  <\/p>\n<dd style=\"font-size:.9em; margin: 0;\">lizzette.saldivar@iest.edu.mx <!-- [et_pb_line_break_holder] --><\/dd>\n<p><!-- [et_pb_line_break_holder] --><\/dl>\n<p><!-- [et_pb_line_break_holder] --><\/div>\n<p>[\/et_pb_code][\/et_pb_column][et_pb_column type=\u00bb1_2&#8243; _builder_version=\u00bb4.17.4&#8243; _module_preset=\u00bbdefault\u00bb background_enable_color=\u00bboff\u00bb global_colors_info=\u00bb{}\u00bb][et_pb_code _builder_version=\u00bb4.17.4&#8243; _module_preset=\u00bbdefault\u00bb hover_enabled=\u00bb0&#8243; global_colors_info=\u00bb{}\u00bb sticky_enabled=\u00bb0&#8243;]<\/p>\n<div style=\"font-size:1em;font-weight:bold; text-align:center;\"><!-- [et_pb_line_break_holder] --><\/p>\n<dl style=\"background-color:#ff0092;color:#ffca1b; padding:1.5em;list-style:none;\"><!-- [et_pb_line_break_holder] -->  <\/p>\n<dt>Juan Manuel Vel\u00e1zquez <\/dt>\n<p><!-- [et_pb_line_break_holder] -->  <\/p>\n<dd style=\"font-size:.9em;  margin: 0 ;\">manuel.velazquez@iest.edu.mx<!-- [et_pb_line_break_holder] --><\/dd>\n<p><!-- [et_pb_line_break_holder] --><\/dl>\n<p><!-- [et_pb_line_break_holder] --><\/div>\n<p>[\/et_pb_code][\/et_pb_column][\/et_pb_row][\/et_pb_section][et_pb_section fb_built=\u00bb1&#8243; _builder_version=\u00bb4.16&#8243; background_color=\u00bb#228dff\u00bb custom_padding=\u00bb70px||0px|||\u00bb global_colors_info=\u00bb{}\u00bb][et_pb_row column_structure=\u00bb1_4,1_4,1_4,1_4&#8243; _builder_version=\u00bb4.17.4&#8243; width=\u00bb30%\u00bb global_colors_info=\u00bb{}\u00bb][et_pb_column type=\u00bb1_4&#8243; _builder_version=\u00bb4.16&#8243; custom_padding=\u00bb|||\u00bb global_colors_info=\u00bb{}\u00bb custom_padding__hover=\u00bb|||\u00bb][et_pb_image src=\u00bbhttps:\/\/encuadre.org\/encuentro2022\/wp-content\/uploads\/2022\/06\/hp_fb.png\u00bb url=\u00bbhttps:\/\/www.facebook.com\/iestanahuac\/\u00bb url_new_window=\u00bbon\u00bb _builder_version=\u00bb4.17.4&#8243; width=\u00bb100%\u00bb global_colors_info=\u00bb{}\u00bb][\/et_pb_image][\/et_pb_column][et_pb_column type=\u00bb1_4&#8243; _builder_version=\u00bb4.16&#8243; custom_padding=\u00bb|||\u00bb global_colors_info=\u00bb{}\u00bb custom_padding__hover=\u00bb|||\u00bb][et_pb_image src=\u00bbhttps:\/\/encuadre.org\/encuentro2022\/wp-content\/uploads\/2022\/06\/hp_instagram.png\u00bb url=\u00bbhttps:\/\/www.instagram.com\/iestanahuac\/\u00bb url_new_window=\u00bbon\u00bb _builder_version=\u00bb4.17.4&#8243; width=\u00bb100%\u00bb global_colors_info=\u00bb{}\u00bb][\/et_pb_image][\/et_pb_column][et_pb_column type=\u00bb1_4&#8243; _builder_version=\u00bb4.16&#8243; custom_padding=\u00bb|||\u00bb global_colors_info=\u00bb{}\u00bb custom_padding__hover=\u00bb|||\u00bb][et_pb_image src=\u00bbhttps:\/\/encuadre.org\/encuentro2022\/wp-content\/uploads\/2022\/06\/hp_twitter.png\u00bb url=\u00bbhttps:\/\/twitter.com\/iestanahuac\u00bb url_new_window=\u00bbon\u00bb _builder_version=\u00bb4.17.4&#8243; width=\u00bb100%\u00bb global_colors_info=\u00bb{}\u00bb][\/et_pb_image][\/et_pb_column][et_pb_column type=\u00bb1_4&#8243; _builder_version=\u00bb4.16&#8243; custom_padding=\u00bb|||\u00bb global_colors_info=\u00bb{}\u00bb custom_padding__hover=\u00bb|||\u00bb][et_pb_image src=\u00bbhttps:\/\/encuadre.org\/encuentro2022\/wp-content\/uploads\/2022\/06\/hp_youtube.png\u00bb url=\u00bbhttps:\/\/www.youtube.com\/channel\/UCYHB9W0JSywr_HVJev1hP9Q\u00bb url_new_window=\u00bbon\u00bb _builder_version=\u00bb4.17.4&#8243; width=\u00bb100%\u00bb global_colors_info=\u00bb{}\u00bb][\/et_pb_image][\/et_pb_column][\/et_pb_row][\/et_pb_section]<\/p>\n","protected":false},"excerpt":{"rendered":"","protected":false},"author":1,"featured_media":0,"parent":0,"menu_order":0,"comment_status":"closed","ping_status":"closed","template":"","meta":{"_et_pb_use_builder":"on","_et_pb_old_content":"","_et_gb_content_width":""},"_links":{"self":[{"href":"https:\/\/encuadre.org\/encuentro2022\/wp-json\/wp\/v2\/pages\/216704"}],"collection":[{"href":"https:\/\/encuadre.org\/encuentro2022\/wp-json\/wp\/v2\/pages"}],"about":[{"href":"https:\/\/encuadre.org\/encuentro2022\/wp-json\/wp\/v2\/types\/page"}],"author":[{"embeddable":true,"href":"https:\/\/encuadre.org\/encuentro2022\/wp-json\/wp\/v2\/users\/1"}],"replies":[{"embeddable":true,"href":"https:\/\/encuadre.org\/encuentro2022\/wp-json\/wp\/v2\/comments?post=216704"}],"version-history":[{"count":21,"href":"https:\/\/encuadre.org\/encuentro2022\/wp-json\/wp\/v2\/pages\/216704\/revisions"}],"predecessor-version":[{"id":216872,"href":"https:\/\/encuadre.org\/encuentro2022\/wp-json\/wp\/v2\/pages\/216704\/revisions\/216872"}],"wp:attachment":[{"href":"https:\/\/encuadre.org\/encuentro2022\/wp-json\/wp\/v2\/media?parent=216704"}],"curies":[{"name":"wp","href":"https:\/\/api.w.org\/{rel}","templated":true}]}}