{"id":216467,"date":"2022-08-21T22:48:23","date_gmt":"2022-08-21T22:48:23","guid":{"rendered":"https:\/\/encuadre.org\/encuentro2022\/?page_id=216467"},"modified":"2022-08-22T14:32:36","modified_gmt":"2022-08-22T14:32:36","slug":"aldo-de-la-fuente","status":"publish","type":"page","link":"https:\/\/encuadre.org\/encuentro2022\/aldo-de-la-fuente\/","title":{"rendered":"Aldo de la Fuente"},"content":{"rendered":"<p>[et_pb_section fb_built=\u00bb1&#8243; disabled_on=\u00bbon|on|off\u00bb module_id=\u00bbinicio\u00bb _builder_version=\u00bb4.17.4&#8243; background_color=\u00bb#ffca1b\u00bb background_image=\u00bbhttps:\/\/encuadre.org\/encuentro2022\/wp-content\/uploads\/2022\/07\/back4-48.png\u00bb background_repeat=\u00bbrepeat\u00bb module_alignment=\u00bbcenter\u00bb custom_margin=\u00bb||\u00bb custom_padding=\u00bb70px||70px|||\u00bb hover_enabled=\u00bb0&#8243; global_colors_info=\u00bb{}\u00bb sticky_enabled=\u00bb0&#8243;][et_pb_row _builder_version=\u00bb4.17.4&#8243; _module_preset=\u00bbdefault\u00bb width=\u00bb65%\u00bb width_tablet=\u00bb\u00bb width_phone=\u00bb65%\u00bb width_last_edited=\u00bbon|phone\u00bb global_colors_info=\u00bb{}\u00bb][et_pb_column type=\u00bb4_4&#8243; _builder_version=\u00bb4.17.4&#8243; _module_preset=\u00bbdefault\u00bb global_colors_info=\u00bb{}\u00bb][et_pb_code _builder_version=\u00bb4.17.4&#8243; background_enable_image=\u00bboff\u00bb background_size=\u00bbcontain\u00bb background_position=\u00bbtop_right\u00bb animation_style=\u00bbslide\u00bb animation_direction=\u00bbbottom\u00bb background_last_edited=\u00bbon|phone\u00bb background_enable_image_phone=\u00bboff\u00bb global_colors_info=\u00bb{}\u00bb custom_css_after_last_edited=\u00bboff|phone\u00bb]<\/p>\n<h1 style=\"text-align:center; font-size: 3em; color:#ba01ff;\">Creando experiencias digitales a trav\u00e9s de Adobe\u00ae Creative Cloud<\/h1>\n<p>[\/et_pb_code][\/et_pb_column][\/et_pb_row][et_pb_row column_structure=\u00bb2_5,3_5&#8243; _builder_version=\u00bb4.17.4&#8243; background_enable_image=\u00bboff\u00bb background_size=\u00bbcontain\u00bb width=\u00bb65%\u00bb module_alignment=\u00bbcenter\u00bb animation_style=\u00bbslide\u00bb animation_direction=\u00bbbottom\u00bb animation_speed_curve=\u00bbease\u00bb background_last_edited=\u00bbon|desktop\u00bb global_colors_info=\u00bb{}\u00bb][et_pb_column type=\u00bb2_5&#8243; _builder_version=\u00bb4.16&#8243; custom_padding=\u00bb|||\u00bb global_colors_info=\u00bb{}\u00bb custom_padding__hover=\u00bb|||\u00bb][et_pb_image src=\u00bbhttps:\/\/encuadre.org\/encuentro2022\/wp-content\/uploads\/2022\/08\/ponentes_aldo-delafuente.png\u00bb alt=\u00bbBlanche Toffel\u00bb title_text=\u00bbponentes_aldo-delafuente\u00bb url=\u00bbhttps:\/\/www.protraining.com.mx\/portfolio_page\/aldo-de-la-fuente-adobe-influencer-mexico\/\u00bb url_new_window=\u00bbon\u00bb _builder_version=\u00bb4.17.4&#8243; _module_preset=\u00bbdefault\u00bb global_colors_info=\u00bb{}\u00bb][\/et_pb_image][et_pb_code _builder_version=\u00bb4.17.4&#8243; custom_margin=\u00bb||0.5em||false|false\u00bb link_option_url=\u00bbhttps:\/\/www.protraining.com.mx\/portfolio_page\/aldo-de-la-fuente-adobe-influencer-mexico\/\u00bb link_option_url_new_window=\u00bbon\u00bb global_colors_info=\u00bb{}\u00bb]<\/p>\n<h3 style=\"color:#ffca1b;text-align: center; font-weight: bold; padding: .2em; font-size:2em; background-color: #ba01ff;\">Aldo de la Fuente<\/h3>\n<p> [\/et_pb_code][et_pb_code _builder_version=\u00bb4.17.4&#8243; global_colors_info=\u00bb{}\u00bb]<pee style=\"text-align:center; font-weight: bold; color: #ba01ff; font-size:1.1em;\">INSTRUCTOR CERTIFICADO DE ADOBE\u00ae EN M\u00c9XICO<\/pee>[\/et_pb_code][\/et_pb_column][et_pb_column type=\u00bb3_5&#8243; _builder_version=\u00bb4.16&#8243; custom_padding=\u00bb|||\u00bb global_colors_info=\u00bb{}\u00bb custom_padding__hover=\u00bb|||\u00bb][et_pb_image src=\u00bbhttps:\/\/encuadre.org\/encuentro2022\/wp-content\/uploads\/2022\/08\/hp-40.png\u00bb title_text=\u00bbhp-40&#8243; _builder_version=\u00bb4.17.4&#8243; _module_preset=\u00bbdefault\u00bb width=\u00bb50%\u00bb global_colors_info=\u00bb{}\u00bb][\/et_pb_image][et_pb_code _builder_version=\u00bb4.17.4&#8243; hover_enabled=\u00bb0&#8243; global_colors_info=\u00bb{}\u00bb sticky_enabled=\u00bb0&#8243;]<pee style=\"font-weight: bold; color: #ba01ff; font-size:1.2em;\">Licenciado en Dise\u00f1o Gr\u00e1fico de la Universidad Sim\u00f3n Bolivar con <span style=\"font-size:1.2em; line-height:1.1em;\">Maestr\u00eda en Artes Visuales por la Academia de San Carlos.<\/span><\/pee><!-- [et_pb_line_break_holder] --><pee style=\"font-weight: bold; color: #ba01ff; font-size:1.2em;\">Cuenta con m\u00e1s de <span style=\"font-size:1.2em; line-height:1.1em;\">15 a\u00f1os de experiencia<\/span> como docente e <span style=\"font-size:1.2em; line-height:1.1em;\">instructor profesional de Adobe\u00ae en M\u00e9xico<\/span> imparte alrededor de 120 conferencias al a\u00f1o, en M\u00e9xico y Lationam\u00e9rica.<\/pee>[\/et_pb_code][\/et_pb_column][\/et_pb_row][et_pb_row _builder_version=\u00bb4.17.4&#8243; _module_preset=\u00bbdefault\u00bb width=\u00bb65%\u00bb animation_style=\u00bbslide\u00bb animation_direction=\u00bbbottom\u00bb global_colors_info=\u00bb{}\u00bb][et_pb_column type=\u00bb4_4&#8243; _builder_version=\u00bb4.17.4&#8243; _module_preset=\u00bbdefault\u00bb global_colors_info=\u00bb{}\u00bb][et_pb_code _builder_version=\u00bb4.17.4&#8243; global_colors_info=\u00bb{}\u00bb]<pee style=\"font-weight: bold; color: #ba01ff; font-size:1.2em;\">Aldo de la Fuente en certificador y consultor de Adobe\u00ae en M\u00e9xico. Cuenta con los siguientes logros:<\/pee><!-- [et_pb_line_break_holder] --><span style=\"font-weight: bold; color: #ba01ff; font-size:1.2em; line-height:1.1em;\"><!-- [et_pb_line_break_holder] --><\/p>\n<ul style=\"margin: 1em 0 0 1em;\"><!-- [et_pb_line_break_holder] --><\/p>\n<li>Adobe\u00ae Consulting M\u00e9xico<\/li>\n<p><!-- [et_pb_line_break_holder] --><\/p>\n<li>Adobe\u00ae Certified Instructor<\/li>\n<p><!-- [et_pb_line_break_holder] --><\/p>\n<li>Adobe\u00ae Community Professional<\/li>\n<p><!-- [et_pb_line_break_holder] --><\/p>\n<li>Presidente del Grupo de Usuarios InDesign Ciudad de M\u00e9xico<\/li>\n<p><!-- [et_pb_line_break_holder] --><\/p>\n<li>Wacom\u00ae Specialist<\/li>\n<p><!-- [et_pb_line_break_holder] --><\/p>\n<li>Protraining\u00ae Co-manager<\/li>\n<p><!-- [et_pb_line_break_holder] --><\/ul>\n<p><!-- [et_pb_line_break_holder] --><\/span><!-- [et_pb_line_break_holder] -->[\/et_pb_code][\/et_pb_column][\/et_pb_row][et_pb_row _builder_version=\u00bb4.17.4&#8243; _module_preset=\u00bbdefault\u00bb width=\u00bb65%\u00bb module_alignment=\u00bbcenter\u00bb animation_style=\u00bbslide\u00bb animation_direction=\u00bbbottom\u00bb global_colors_info=\u00bb{}\u00bb][et_pb_column type=\u00bb4_4&#8243; _builder_version=\u00bb4.17.4&#8243; _module_preset=\u00bbdefault\u00bb global_colors_info=\u00bb{}\u00bb][et_pb_image src=\u00bbhttps:\/\/encuadre.org\/encuentro2022\/wp-content\/uploads\/2022\/08\/community-manager-femme-scaled-1-scaled.jpeg\u00bb title_text=\u00bbcommunity-manager-femme-scaled\u00bb align=\u00bbcenter\u00bb _builder_version=\u00bb4.17.4&#8243; _module_preset=\u00bbdefault\u00bb global_colors_info=\u00bb{}\u00bb][\/et_pb_image][\/et_pb_column][\/et_pb_row][\/et_pb_section][et_pb_section fb_built=\u00bb1&#8243; disabled_on=\u00bbon|on|off\u00bb module_id=\u00bbtaller\u00bb _builder_version=\u00bb4.17.4&#8243; background_color=\u00bb#ba01ff\u00bb background_image=\u00bbhttps:\/\/encuadre.org\/encuentro2022\/wp-content\/uploads\/2022\/07\/back4-48.png\u00bb background_repeat=\u00bbrepeat\u00bb module_alignment=\u00bbcenter\u00bb custom_margin=\u00bb||\u00bb custom_padding=\u00bb70px||70px|||\u00bb hover_enabled=\u00bb0&#8243; global_colors_info=\u00bb{}\u00bb sticky_enabled=\u00bb0&#8243;][et_pb_row _builder_version=\u00bb4.17.4&#8243; _module_preset=\u00bbdefault\u00bb width=\u00bb65%\u00bb width_tablet=\u00bb\u00bb width_phone=\u00bb65%\u00bb width_last_edited=\u00bbon|phone\u00bb global_colors_info=\u00bb{}\u00bb][et_pb_column type=\u00bb4_4&#8243; _builder_version=\u00bb4.17.4&#8243; _module_preset=\u00bbdefault\u00bb global_colors_info=\u00bb{}\u00bb][et_pb_code _builder_version=\u00bb4.17.4&#8243; background_enable_image=\u00bboff\u00bb background_size=\u00bbcontain\u00bb background_position=\u00bbtop_right\u00bb animation_style=\u00bbslide\u00bb animation_direction=\u00bbbottom\u00bb hover_enabled=\u00bb0&#8243; background_last_edited=\u00bbon|phone\u00bb background_enable_image_phone=\u00bboff\u00bb global_colors_info=\u00bb{}\u00bb custom_css_after_last_edited=\u00bboff|phone\u00bb sticky_enabled=\u00bb0&#8243;]<\/p>\n<h2 style=\"text-align:center; font-size: 3em; color:#ffca1b;\">Taller: UX &#038; UI Design<!\u2013- [et_pb_br_holder] -\u2013><span style=\"font-size:.8em\">Experiencia e interfaz de usuario<\/span><\/h2>\n<p>[\/et_pb_code][\/et_pb_column][\/et_pb_row][et_pb_row _builder_version=\u00bb4.17.4&#8243; background_enable_image=\u00bboff\u00bb background_size=\u00bbcontain\u00bb width=\u00bb65%\u00bb module_alignment=\u00bbcenter\u00bb animation_style=\u00bbslide\u00bb animation_direction=\u00bbbottom\u00bb animation_speed_curve=\u00bbease\u00bb background_last_edited=\u00bbon|desktop\u00bb global_colors_info=\u00bb{}\u00bb][et_pb_column type=\u00bb4_4&#8243; _builder_version=\u00bb4.16&#8243; custom_padding=\u00bb|||\u00bb global_colors_info=\u00bb{}\u00bb custom_padding__hover=\u00bb|||\u00bb][et_pb_code _builder_version=\u00bb4.17.4&#8243; hover_enabled=\u00bb0&#8243; global_colors_info=\u00bb{}\u00bb sticky_enabled=\u00bb0&#8243;]<pee style=\"font-weight: bold; color: #ffca1b; font-size:1.2em;\"><span style=\"font-size:1.2em; line-height:1.1em;\">Nivel:<!\u2013- [et_pb_br_holder] -\u2013>Intermedio &#8211; Avanzado<\/span><\/pee><!-- [et_pb_line_break_holder] --><pee style=\"font-weight: bold; color: #ffca1b; font-size:1.2em;\"><span style=\"font-size:1.2em; line-height:1.1em;\">Requisitos:<\/span><\/pee><!-- [et_pb_line_break_holder] --><\/p>\n<ul style=\"color: #ffca1b;list-style-position: outside; font-size:1.3em; font-weight:bold;\"><!-- [et_pb_line_break_holder] -->   <\/p>\n<li style=\"margin-bottom:.5em;\"><span style=\"font-size:.9em;\">Conocimientos fundamentales de C\u00f3mputo plataforma MacOS o Windows.<\/span><\/li>\n<p><!-- [et_pb_line_break_holder] -->    <\/p>\n<li style=\"margin-bottom:.5em;\"><span style=\"font-size:.9em;\">Contar con un nivel intermedio en el manejo de Adobe\u00ae Photoshop o Illustrator CC 2022.<\/span><\/li>\n<p><!-- [et_pb_line_break_holder] -->      <\/p>\n<li style=\"margin-bottom:.5em;\"><span style=\"font-size:.9em;\">Ingl\u00e9s a nivel lectura.<\/span><\/li>\n<p><!-- [et_pb_line_break_holder] -->      <\/p>\n<li style=\"margin-bottom:.5em;\"><span style=\"font-size:.9em;\">Adobe\u00ae Photoshop, Adobe\u00ae Illustrator y Adobe\u00ae XD CC\u2122 2022 Instalados.<\/span><\/li>\n<p><!-- [et_pb_line_break_holder] -->  <\/p>\n<li style=\"margin-bottom:.5em;\"><span style=\"font-size:.9em;\">Dispositivo M\u00f3vil, Tableta Android\u00ae o IOS\u00ae, cable de sincronizaci\u00f3n.<\/span><\/li>\n<p><!-- [et_pb_line_break_holder] --><\/ul>\n<p>[\/et_pb_code][\/et_pb_column][\/et_pb_row][\/et_pb_section][et_pb_section fb_built=\u00bb1&#8243; disabled_on=\u00bbon|on|off\u00bb module_id=\u00bbtaller\u00bb _builder_version=\u00bb4.17.4&#8243; background_color=\u00bb#ba01ff\u00bb background_image=\u00bbhttps:\/\/encuadre.org\/encuentro2022\/wp-content\/uploads\/2022\/08\/hp_back-amarillo.png\u00bb background_repeat=\u00bbrepeat\u00bb module_alignment=\u00bbcenter\u00bb custom_margin=\u00bb||\u00bb custom_padding=\u00bb70px||70px|||\u00bb hover_enabled=\u00bb0&#8243; global_colors_info=\u00bb{}\u00bb sticky_enabled=\u00bb0&#8243; title_text=\u00bbhp_back-amarillo\u00bb background_position=\u00bbtop_center\u00bb][et_pb_row _builder_version=\u00bb4.17.4&#8243; background_enable_image=\u00bboff\u00bb background_size=\u00bbcontain\u00bb width=\u00bb65%\u00bb module_alignment=\u00bbcenter\u00bb animation_style=\u00bbslide\u00bb animation_direction=\u00bbbottom\u00bb animation_speed_curve=\u00bbease\u00bb hover_enabled=\u00bb0&#8243; background_last_edited=\u00bbon|desktop\u00bb global_colors_info=\u00bb{}\u00bb background_color=\u00bb#ffca1b\u00bb sticky_enabled=\u00bb0&#8243; custom_margin=\u00bb2em|2em|2em|2em|true|true\u00bb custom_padding=\u00bb2em|2em|2em|2em|true|true\u00bb][et_pb_column type=\u00bb4_4&#8243; _builder_version=\u00bb4.16&#8243; custom_padding=\u00bb|||\u00bb global_colors_info=\u00bb{}\u00bb custom_padding__hover=\u00bb|||\u00bb][et_pb_code _builder_version=\u00bb4.17.4&#8243; hover_enabled=\u00bb0&#8243; global_colors_info=\u00bb{}\u00bb sticky_enabled=\u00bb0&#8243;]<\/p>\n<h2 style=\"font-weight: bold; color: #ba01ff; font-size:2em; margin:0 0 .5em 0;\">\u00bfQui\u00e9n puede tomar el taller?<\/h2>\n<p><!-- [et_pb_line_break_holder] --><!-- [et_pb_line_break_holder] --><\/p>\n<ul style=\"font-weight:bold;color: #ba01ff;list-style-position: outside; font-size:1.3em\"><!-- [et_pb_line_break_holder] -->  <\/p>\n<li style=\"margin-bottom:.5em;\"><span style=\"font-size:.9em;\">Todo tipo de creativo interesado en el dise\u00f1o UX y UI o que desea integrarse al dise\u00f1o de la interacci\u00f3n para productos digitales.<\/span><\/li>\n<p><!-- [et_pb_line_break_holder] -->    <\/p>\n<li style=\"margin-bottom:.5em;\"><span style=\"font-size:.9em;\">Dise\u00f1adores gr\u00e1ficos que buscan soluciones r\u00e1pidas, sencillas de gran impacto y calidad para proyectos digitales en web o m\u00f3vil.<\/span><\/li>\n<p><!-- [et_pb_line_break_holder] -->    <\/p>\n<li style=\"margin-bottom:.5em;\"><span style=\"font-size:.9em;\">Mercad\u00f3logos y Comunicadores involucrados en la creaci\u00f3n de contenido web y m\u00f3vil.<\/span><\/li>\n<p><!-- [et_pb_line_break_holder] --><\/ul>\n<p>[\/et_pb_code][\/et_pb_column][\/et_pb_row][\/et_pb_section][et_pb_section fb_built=\u00bb1&#8243; disabled_on=\u00bboff|off|on\u00bb module_id=\u00bbinicio\u00bb _builder_version=\u00bb4.17.4&#8243; background_color=\u00bb#ffca1b\u00bb background_image=\u00bbhttps:\/\/encuadre.org\/encuentro2022\/wp-content\/uploads\/2022\/07\/back4-48.png\u00bb background_repeat=\u00bbrepeat\u00bb module_alignment=\u00bbcenter\u00bb custom_margin=\u00bb||\u00bb custom_padding=\u00bb70px||70px|||\u00bb hover_enabled=\u00bb0&#8243; global_colors_info=\u00bb{}\u00bb background_size=\u00bbcontain\u00bb sticky_enabled=\u00bb0&#8243;][et_pb_row _builder_version=\u00bb4.17.4&#8243; _module_preset=\u00bbdefault\u00bb width=\u00bb65%\u00bb width_tablet=\u00bb\u00bb width_phone=\u00bb65%\u00bb width_last_edited=\u00bbon|phone\u00bb global_colors_info=\u00bb{}\u00bb][et_pb_column type=\u00bb4_4&#8243; _builder_version=\u00bb4.17.4&#8243; _module_preset=\u00bbdefault\u00bb global_colors_info=\u00bb{}\u00bb][et_pb_code _builder_version=\u00bb4.17.4&#8243; background_enable_image=\u00bboff\u00bb background_size=\u00bbcontain\u00bb background_position=\u00bbtop_right\u00bb animation_style=\u00bbslide\u00bb animation_direction=\u00bbbottom\u00bb background_last_edited=\u00bbon|phone\u00bb background_enable_image_phone=\u00bboff\u00bb global_colors_info=\u00bb{}\u00bb custom_css_after_last_edited=\u00bboff|phone\u00bb]<\/p>\n<h1 style=\"text-align:center; font-size: 2em; color:#ba01ff; line-height:1.1em;\">Creando experiencias digitales a trav\u00e9s de Adobe\u00ae Creative Cloud<\/h1>\n<p>[\/et_pb_code][\/et_pb_column][\/et_pb_row][et_pb_row column_structure=\u00bb2_5,3_5&#8243; _builder_version=\u00bb4.17.4&#8243; background_enable_image=\u00bboff\u00bb background_size=\u00bbcontain\u00bb width=\u00bb65%\u00bb module_alignment=\u00bbcenter\u00bb animation_style=\u00bbslide\u00bb animation_direction=\u00bbbottom\u00bb animation_speed_curve=\u00bbease\u00bb background_last_edited=\u00bbon|desktop\u00bb global_colors_info=\u00bb{}\u00bb][et_pb_column type=\u00bb2_5&#8243; _builder_version=\u00bb4.16&#8243; custom_padding=\u00bb|||\u00bb global_colors_info=\u00bb{}\u00bb custom_padding__hover=\u00bb|||\u00bb][et_pb_image src=\u00bbhttps:\/\/encuadre.org\/encuentro2022\/wp-content\/uploads\/2022\/08\/ponentes_aldo-delafuente.png\u00bb alt=\u00bbBlanche Toffel\u00bb title_text=\u00bbponentes_aldo-delafuente\u00bb url=\u00bbhttps:\/\/www.protraining.com.mx\/portfolio_page\/aldo-de-la-fuente-adobe-influencer-mexico\/\u00bb url_new_window=\u00bbon\u00bb _builder_version=\u00bb4.17.4&#8243; _module_preset=\u00bbdefault\u00bb global_colors_info=\u00bb{}\u00bb][\/et_pb_image][et_pb_code _builder_version=\u00bb4.17.4&#8243; custom_margin=\u00bb||0.5em||false|false\u00bb link_option_url=\u00bbhttps:\/\/www.protraining.com.mx\/portfolio_page\/aldo-de-la-fuente-adobe-influencer-mexico\/\u00bb link_option_url_new_window=\u00bbon\u00bb global_colors_info=\u00bb{}\u00bb]<\/p>\n<h3 style=\"color:#ffca1b;text-align: center; font-weight: bold; padding: .2em; font-size:2em; background-color: #ba01ff;\">Aldo de la Fuente<\/h3>\n<p> [\/et_pb_code][et_pb_code _builder_version=\u00bb4.17.4&#8243; global_colors_info=\u00bb{}\u00bb]<pee style=\"text-align:center; font-weight: bold; color: #ba01ff; font-size:1.1em;\">INSTRUCTOR CERTIFICADO DE <!\u2013- [et_pb_br_holder] -\u2013>ADOBE\u00ae EN M\u00c9XICO<\/pee>[\/et_pb_code][\/et_pb_column][et_pb_column type=\u00bb3_5&#8243; _builder_version=\u00bb4.16&#8243; custom_padding=\u00bb|||\u00bb global_colors_info=\u00bb{}\u00bb custom_padding__hover=\u00bb|||\u00bb][et_pb_image src=\u00bbhttps:\/\/encuadre.org\/encuentro2022\/wp-content\/uploads\/2022\/08\/hp-40.png\u00bb title_text=\u00bbhp-40&#8243; _builder_version=\u00bb4.17.4&#8243; _module_preset=\u00bbdefault\u00bb width=\u00bb50%\u00bb module_alignment=\u00bbcenter\u00bb global_colors_info=\u00bb{}\u00bb][\/et_pb_image][et_pb_code _builder_version=\u00bb4.17.4&#8243; hover_enabled=\u00bb0&#8243; global_colors_info=\u00bb{}\u00bb sticky_enabled=\u00bb0&#8243;]<span style=\"text-align:center;\"><!-- [et_pb_line_break_holder] --><pee style=\"font-weight: bold; color: #ba01ff; font-size:1.2em;\">Licenciado en Dise\u00f1o Gr\u00e1fico de la Universidad Sim\u00f3n Bolivar con <span style=\"font-size:1.2em; line-height:1.1em;\">Maestr\u00eda en Artes Visuales por la Academia de San Carlos.<\/span><\/pee><!-- [et_pb_line_break_holder] --><pee style=\"font-weight: bold; color: #ba01ff; font-size:1.2em;\">Cuenta con m\u00e1s de <span style=\"font-size:1.2em; line-height:1.1em;\">15 a\u00f1os de experiencia<\/span> como docente e <span style=\"font-size:1.2em; line-height:1.1em;\">instructor profesional de Adobe\u00ae en M\u00e9xico<\/span> imparte alrededor de 120 conferencias al a\u00f1o, en M\u00e9xico y Lationam\u00e9rica.<\/pee><!-- [et_pb_line_break_holder] -->  <\/span>[\/et_pb_code][\/et_pb_column][\/et_pb_row][et_pb_row _builder_version=\u00bb4.17.4&#8243; _module_preset=\u00bbdefault\u00bb width=\u00bb65%\u00bb animation_style=\u00bbslide\u00bb animation_direction=\u00bbbottom\u00bb global_colors_info=\u00bb{}\u00bb][et_pb_column type=\u00bb4_4&#8243; _builder_version=\u00bb4.17.4&#8243; _module_preset=\u00bbdefault\u00bb global_colors_info=\u00bb{}\u00bb][et_pb_code _builder_version=\u00bb4.17.4&#8243; hover_enabled=\u00bb0&#8243; global_colors_info=\u00bb{}\u00bb sticky_enabled=\u00bb0&#8243;]<span style=\"text-align:center;\"><!-- [et_pb_line_break_holder] --><pee style=\"font-weight: bold; color: #ba01ff; font-size:1.2em;\">Aldo de la Fuente es certificador y consultor de Adobe\u00ae en M\u00e9xico. Cuenta con los siguientes logros:<\/pee><!-- [et_pb_line_break_holder] -->  <\/span><!-- [et_pb_line_break_holder] --><span style=\"font-weight: bold; color: #ba01ff; font-size:1.2em; line-height:1.1em;\"><!-- [et_pb_line_break_holder] --><\/p>\n<ul style=\"margin: 1em 0 0 1em;\"><!-- [et_pb_line_break_holder] --><\/p>\n<li>Adobe\u00ae Consulting M\u00e9xico<\/li>\n<p><!-- [et_pb_line_break_holder] --><\/p>\n<li>Adobe\u00ae Certified Instructor<\/li>\n<p><!-- [et_pb_line_break_holder] --><\/p>\n<li>Adobe\u00ae Community Professional<\/li>\n<p><!-- [et_pb_line_break_holder] --><\/p>\n<li>Presidente del Grupo de Usuarios InDesign Ciudad de M\u00e9xico<\/li>\n<p><!-- [et_pb_line_break_holder] --><\/p>\n<li>Wacom\u00ae Specialist<\/li>\n<p><!-- [et_pb_line_break_holder] --><\/p>\n<li>Protraining\u00ae Co-manager<\/li>\n<p><!-- [et_pb_line_break_holder] --><\/ul>\n<p><!-- [et_pb_line_break_holder] --><\/span><!-- [et_pb_line_break_holder] -->[\/et_pb_code][\/et_pb_column][\/et_pb_row][et_pb_row _builder_version=\u00bb4.17.4&#8243; _module_preset=\u00bbdefault\u00bb width=\u00bb65%\u00bb module_alignment=\u00bbcenter\u00bb animation_style=\u00bbslide\u00bb animation_direction=\u00bbbottom\u00bb global_colors_info=\u00bb{}\u00bb][et_pb_column type=\u00bb4_4&#8243; _builder_version=\u00bb4.17.4&#8243; _module_preset=\u00bbdefault\u00bb global_colors_info=\u00bb{}\u00bb][et_pb_image src=\u00bbhttps:\/\/encuadre.org\/encuentro2022\/wp-content\/uploads\/2022\/08\/community-manager-femme-scaled-1-scaled.jpeg\u00bb title_text=\u00bbcommunity-manager-femme-scaled\u00bb align=\u00bbcenter\u00bb _builder_version=\u00bb4.17.4&#8243; _module_preset=\u00bbdefault\u00bb global_colors_info=\u00bb{}\u00bb][\/et_pb_image][\/et_pb_column][\/et_pb_row][\/et_pb_section][et_pb_section fb_built=\u00bb1&#8243; disabled_on=\u00bboff|off|on\u00bb module_id=\u00bbtaller\u00bb _builder_version=\u00bb4.17.4&#8243; background_color=\u00bb#ba01ff\u00bb background_image=\u00bbhttps:\/\/encuadre.org\/encuentro2022\/wp-content\/uploads\/2022\/07\/back4-48.png\u00bb background_repeat=\u00bbrepeat\u00bb module_alignment=\u00bbcenter\u00bb custom_margin=\u00bb||\u00bb custom_padding=\u00bb70px||70px|||\u00bb hover_enabled=\u00bb0&#8243; global_colors_info=\u00bb{}\u00bb sticky_enabled=\u00bb0&#8243;][et_pb_row _builder_version=\u00bb4.17.4&#8243; _module_preset=\u00bbdefault\u00bb width=\u00bb65%\u00bb width_tablet=\u00bb\u00bb width_phone=\u00bb75%\u00bb width_last_edited=\u00bbon|phone\u00bb hover_enabled=\u00bb0&#8243; global_colors_info=\u00bb{}\u00bb sticky_enabled=\u00bb0&#8243;][et_pb_column type=\u00bb4_4&#8243; _builder_version=\u00bb4.17.4&#8243; _module_preset=\u00bbdefault\u00bb global_colors_info=\u00bb{}\u00bb][et_pb_code _builder_version=\u00bb4.17.4&#8243; background_enable_image=\u00bboff\u00bb background_size=\u00bbcontain\u00bb background_position=\u00bbtop_right\u00bb animation_style=\u00bbslide\u00bb animation_direction=\u00bbbottom\u00bb hover_enabled=\u00bb0&#8243; background_last_edited=\u00bbon|phone\u00bb background_enable_image_phone=\u00bboff\u00bb global_colors_info=\u00bb{}\u00bb custom_css_after_last_edited=\u00bboff|phone\u00bb sticky_enabled=\u00bb0&#8243;]<\/p>\n<h2 style=\"text-align:center; font-size: 2em; color:#ffca1b;\">Taller: UX &#038; UI Design<!\u2013- [et_pb_br_holder] -\u2013><span style=\"font-size:.8em\">Experiencia e interfaz<!\u2013- [et_pb_br_holder] -\u2013> de usuario<\/span><\/h2>\n<p>[\/et_pb_code][\/et_pb_column][\/et_pb_row][et_pb_row _builder_version=\u00bb4.17.4&#8243; background_enable_image=\u00bboff\u00bb background_size=\u00bbcontain\u00bb width=\u00bb65%\u00bb module_alignment=\u00bbcenter\u00bb animation_style=\u00bbslide\u00bb animation_direction=\u00bbbottom\u00bb animation_speed_curve=\u00bbease\u00bb hover_enabled=\u00bb0&#8243; background_last_edited=\u00bbon|desktop\u00bb global_colors_info=\u00bb{}\u00bb sticky_enabled=\u00bb0&#8243;][et_pb_column type=\u00bb4_4&#8243; _builder_version=\u00bb4.16&#8243; custom_padding=\u00bb|||\u00bb global_colors_info=\u00bb{}\u00bb custom_padding__hover=\u00bb|||\u00bb][et_pb_code _builder_version=\u00bb4.17.4&#8243; hover_enabled=\u00bb0&#8243; global_colors_info=\u00bb{}\u00bb sticky_enabled=\u00bb0&#8243;]<pee style=\"text-align:center;font-weight: bold; color: #ffca1b; font-size:1.5em;\"><span style=\"font-size:1.2em; line-height:1.1em;\">Nivel:<!\u2013- [et_pb_br_holder] -\u2013>Intermedio &#8211; Avanzado<\/span><\/pee><!-- [et_pb_line_break_holder] --><pee style=\"font-weight: bold; color: #ffca1b; font-size:1.2em;\"><span style=\"font-size:1.2em; line-height:1.1em;\">Requisitos:<\/span><\/pee><!-- [et_pb_line_break_holder] --><\/p>\n<ul style=\"color: #ffca1b;list-style-position: outside; font-size:1.3em; font-weight:bold;\"><!-- [et_pb_line_break_holder] -->   <\/p>\n<li style=\"margin-bottom:.5em;\"><span style=\"font-size:.9em;\">Conocimientos fundamentales de C\u00f3mputo plataforma MacOS o Windows.<\/span><\/li>\n<p><!-- [et_pb_line_break_holder] -->    <\/p>\n<li style=\"margin-bottom:.5em;\"><span style=\"font-size:.9em;\">Contar con un nivel intermedio en el manejo de Adobe\u00ae Photoshop o Illustrator CC 2022.<\/span><\/li>\n<p><!-- [et_pb_line_break_holder] -->      <\/p>\n<li style=\"margin-bottom:.5em;\"><span style=\"font-size:.9em;\">Ingl\u00e9s a nivel lectura.<\/span><\/li>\n<p><!-- [et_pb_line_break_holder] -->      <\/p>\n<li style=\"margin-bottom:.5em;\"><span style=\"font-size:.9em;\">Adobe\u00ae Photoshop, Adobe\u00ae Illustrator y Adobe\u00ae XD CC\u2122 2022 Instalados.<\/span><\/li>\n<p><!-- [et_pb_line_break_holder] -->  <\/p>\n<li style=\"margin-bottom:.5em;\"><span style=\"font-size:.9em;\">Dispositivo M\u00f3vil, Tableta Android\u00ae o IOS\u00ae, cable de sincronizaci\u00f3n.<\/span><\/li>\n<p><!-- [et_pb_line_break_holder] --><\/ul>\n<p>[\/et_pb_code][\/et_pb_column][\/et_pb_row][\/et_pb_section][et_pb_section fb_built=\u00bb1&#8243; disabled_on=\u00bboff|off|on\u00bb module_id=\u00bbtaller\u00bb _builder_version=\u00bb4.17.4&#8243; background_color=\u00bb#ba01ff\u00bb background_image=\u00bbhttps:\/\/encuadre.org\/encuentro2022\/wp-content\/uploads\/2022\/08\/hp_back-amarillo.png\u00bb background_repeat=\u00bbrepeat\u00bb module_alignment=\u00bbcenter\u00bb custom_margin=\u00bb||\u00bb custom_padding=\u00bb70px||70px|||\u00bb hover_enabled=\u00bb0&#8243; global_colors_info=\u00bb{}\u00bb sticky_enabled=\u00bb0&#8243; title_text=\u00bbhp_back-amarillo\u00bb background_position=\u00bbtop_center\u00bb][et_pb_row _builder_version=\u00bb4.17.4&#8243; background_enable_image=\u00bboff\u00bb background_size=\u00bbcontain\u00bb width=\u00bb75%\u00bb module_alignment=\u00bbcenter\u00bb animation_style=\u00bbslide\u00bb animation_direction=\u00bbbottom\u00bb animation_speed_curve=\u00bbease\u00bb hover_enabled=\u00bb0&#8243; background_last_edited=\u00bbon|desktop\u00bb global_colors_info=\u00bb{}\u00bb background_color=\u00bb#ffca1b\u00bb sticky_enabled=\u00bb0&#8243; custom_margin=\u00bb2em|2em|2em|2em|true|true\u00bb custom_padding=\u00bb2em|2em|2em|2em|true|true\u00bb][et_pb_column type=\u00bb4_4&#8243; _builder_version=\u00bb4.16&#8243; custom_padding=\u00bb|||\u00bb global_colors_info=\u00bb{}\u00bb custom_padding__hover=\u00bb|||\u00bb][et_pb_code _builder_version=\u00bb4.17.4&#8243; hover_enabled=\u00bb0&#8243; global_colors_info=\u00bb{}\u00bb sticky_enabled=\u00bb0&#8243;]<\/p>\n<h2 style=\"text-align:center;font-weight: bold; color: #ba01ff; font-size:2em; margin:0 0 .5em 0;\">\u00bfQui\u00e9n puede tomar el taller?<\/h2>\n<p><!-- [et_pb_line_break_holder] --><!-- [et_pb_line_break_holder] --><\/p>\n<ul style=\"font-weight:bold;color: #ba01ff;list-style-position: outside; font-size:1.3em\"><!-- [et_pb_line_break_holder] -->  <\/p>\n<li style=\"margin-bottom:.5em;\"><span style=\"font-size:.9em;\">Todo tipo de creativo interesado en el dise\u00f1o UX y UI o que desea integrarse al dise\u00f1o de la interacci\u00f3n para productos digitales.<\/span><\/li>\n<p><!-- [et_pb_line_break_holder] -->    <\/p>\n<li style=\"margin-bottom:.5em;\"><span style=\"font-size:.9em;\">Dise\u00f1adores gr\u00e1ficos que buscan soluciones r\u00e1pidas, sencillas de gran impacto y calidad para proyectos digitales en web o m\u00f3vil.<\/span><\/li>\n<p><!-- [et_pb_line_break_holder] -->    <\/p>\n<li style=\"margin-bottom:.5em;\"><span style=\"font-size:.9em;\">Mercad\u00f3logos y Comunicadores involucrados en la creaci\u00f3n de contenido web y m\u00f3vil.<\/span><\/li>\n<p><!-- [et_pb_line_break_holder] --><\/ul>\n<p>[\/et_pb_code][\/et_pb_column][\/et_pb_row][\/et_pb_section][et_pb_section fb_built=\u00bb1&#8243; _builder_version=\u00bb4.17.4&#8243; _module_preset=\u00bbdefault\u00bb background_color=\u00bb#228dff\u00bb global_colors_info=\u00bb{}\u00bb][et_pb_row _builder_version=\u00bb4.17.4&#8243; _module_preset=\u00bbdefault\u00bb global_colors_info=\u00bb{}\u00bb][et_pb_column type=\u00bb4_4&#8243; _builder_version=\u00bb4.17.4&#8243; _module_preset=\u00bbdefault\u00bb global_colors_info=\u00bb{}\u00bb][et_pb_button button_url=\u00bbhttps:\/\/encuadre.org\/encuentro2022#ponentes\u00bb button_text=\u00bbREGRESAR\u00bb button_alignment=\u00bbcenter\u00bb _builder_version=\u00bb4.17.4&#8243; _module_preset=\u00bbdefault\u00bb custom_button=\u00bbon\u00bb button_text_size=\u00bb25px\u00bb button_text_color=\u00bb#228dff\u00bb button_bg_color=\u00bb#b6ff00&#8243; button_font=\u00bbSignika Negative|600|||||||\u00bb background_layout=\u00bbdark\u00bb global_colors_info=\u00bb{}\u00bb][\/et_pb_button][\/et_pb_column][\/et_pb_row][\/et_pb_section]<\/p>\n","protected":false},"excerpt":{"rendered":"","protected":false},"author":1,"featured_media":0,"parent":0,"menu_order":0,"comment_status":"closed","ping_status":"closed","template":"","meta":{"_et_pb_use_builder":"on","_et_pb_old_content":"","_et_gb_content_width":""},"_links":{"self":[{"href":"https:\/\/encuadre.org\/encuentro2022\/wp-json\/wp\/v2\/pages\/216467"}],"collection":[{"href":"https:\/\/encuadre.org\/encuentro2022\/wp-json\/wp\/v2\/pages"}],"about":[{"href":"https:\/\/encuadre.org\/encuentro2022\/wp-json\/wp\/v2\/types\/page"}],"author":[{"embeddable":true,"href":"https:\/\/encuadre.org\/encuentro2022\/wp-json\/wp\/v2\/users\/1"}],"replies":[{"embeddable":true,"href":"https:\/\/encuadre.org\/encuentro2022\/wp-json\/wp\/v2\/comments?post=216467"}],"version-history":[{"count":18,"href":"https:\/\/encuadre.org\/encuentro2022\/wp-json\/wp\/v2\/pages\/216467\/revisions"}],"predecessor-version":[{"id":216622,"href":"https:\/\/encuadre.org\/encuentro2022\/wp-json\/wp\/v2\/pages\/216467\/revisions\/216622"}],"wp:attachment":[{"href":"https:\/\/encuadre.org\/encuentro2022\/wp-json\/wp\/v2\/media?parent=216467"}],"curies":[{"name":"wp","href":"https:\/\/api.w.org\/{rel}","templated":true}]}}