{"id":216270,"date":"2022-08-07T02:06:27","date_gmt":"2022-08-07T02:06:27","guid":{"rendered":"https:\/\/encuadre.org\/encuentro2022\/?page_id=216270"},"modified":"2022-08-22T09:46:10","modified_gmt":"2022-08-22T09:46:10","slug":"renata-galindo","status":"publish","type":"page","link":"https:\/\/encuadre.org\/encuentro2022\/renata-galindo\/","title":{"rendered":"Renata Galindo"},"content":{"rendered":"<p>[et_pb_section fb_built=\u00bb1&#8243; disabled_on=\u00bbon|on|off\u00bb module_id=\u00bbinicio\u00bb _builder_version=\u00bb4.17.4&#8243; background_color=\u00bb#ba01ff\u00bb background_image=\u00bbhttps:\/\/encuadre.org\/encuentro2022\/wp-content\/uploads\/2022\/07\/back2-46.png\u00bb background_repeat=\u00bbrepeat\u00bb module_alignment=\u00bbcenter\u00bb custom_margin=\u00bb||\u00bb custom_padding=\u00bb70px||70px|||\u00bb hover_enabled=\u00bb0&#8243; global_colors_info=\u00bb{}\u00bb sticky_enabled=\u00bb0&#8243;][et_pb_row _builder_version=\u00bb4.17.4&#8243; _module_preset=\u00bbdefault\u00bb width_tablet=\u00bb\u00bb width_phone=\u00bb65%\u00bb width_last_edited=\u00bbon|phone\u00bb global_colors_info=\u00bb{}\u00bb][et_pb_column type=\u00bb4_4&#8243; _builder_version=\u00bb4.17.4&#8243; _module_preset=\u00bbdefault\u00bb global_colors_info=\u00bb{}\u00bb][et_pb_code _builder_version=\u00bb4.17.4&#8243; background_enable_image=\u00bboff\u00bb background_size=\u00bbcontain\u00bb background_position=\u00bbtop_right\u00bb animation_style=\u00bbslide\u00bb animation_direction=\u00bbbottom\u00bb hover_enabled=\u00bb0&#8243; background_last_edited=\u00bbon|phone\u00bb background_enable_image_phone=\u00bboff\u00bb global_colors_info=\u00bb{}\u00bb custom_css_after_last_edited=\u00bboff|phone\u00bb sticky_enabled=\u00bb0&#8243;]<\/p>\n<h1 style=\"text-align:center; font-size: 3em; color:#b6ff00;\">El lenguaje visual<!\u2013- [et_pb_br_holder] -\u2013> de la ilustraci\u00f3n infantil<!-- [et_pb_line_break_holder] --><\/h1>\n<p>[\/et_pb_code][\/et_pb_column][\/et_pb_row][et_pb_row column_structure=\u00bb2_5,3_5&#8243; _builder_version=\u00bb4.17.4&#8243; background_enable_image=\u00bboff\u00bb background_size=\u00bbcontain\u00bb width=\u00bb65%\u00bb module_alignment=\u00bbcenter\u00bb animation_style=\u00bbslide\u00bb animation_direction=\u00bbbottom\u00bb animation_speed_curve=\u00bbease\u00bb background_last_edited=\u00bbon|desktop\u00bb global_colors_info=\u00bb{}\u00bb][et_pb_column type=\u00bb2_5&#8243; _builder_version=\u00bb4.16&#8243; custom_padding=\u00bb|||\u00bb global_colors_info=\u00bb{}\u00bb custom_padding__hover=\u00bb|||\u00bb][et_pb_image src=\u00bbhttps:\/\/encuadre.org\/encuentro2022\/wp-content\/uploads\/2022\/08\/ponentes_renata-galindo.png\u00bb title_text=\u00bbponentes_renata-galindo\u00bb url=\u00bbhttps:\/\/renatagalindo.com\/\u00bb url_new_window=\u00bbon\u00bb _builder_version=\u00bb4.17.4&#8243; _module_preset=\u00bbdefault\u00bb global_colors_info=\u00bb{}\u00bb][\/et_pb_image][et_pb_code _builder_version=\u00bb4.17.4&#8243; custom_margin=\u00bb||0.5em||false|false\u00bb link_option_url=\u00bbhttps:\/\/renatagalindo.com\/\u00bb link_option_url_new_window=\u00bbon\u00bb hover_enabled=\u00bb0&#8243; global_colors_info=\u00bb{}\u00bb sticky_enabled=\u00bb0&#8243;]<\/p>\n<h3 style=\"color:#ba01ff;text-align: center; font-weight: bold; padding: .2em; font-size:2em; background-color: #b6ff00;\">Renata Galindo<\/h3>\n<p> [\/et_pb_code][et_pb_code _builder_version=\u00bb4.17.4&#8243; global_colors_info=\u00bb{}\u00bb]<pee style=\"text-align:center; font-weight: bold; color: #b6ff00; font-size:1.1em;\">ILUSTRADORA Y AUTORA<!-- [et_pb_line_break_holder] --><\/pee>[\/et_pb_code][\/et_pb_column][et_pb_column type=\u00bb3_5&#8243; _builder_version=\u00bb4.16&#8243; custom_padding=\u00bb|||\u00bb global_colors_info=\u00bb{}\u00bb custom_padding__hover=\u00bb|||\u00bb][et_pb_code _builder_version=\u00bb4.17.4&#8243; hover_enabled=\u00bb0&#8243; global_colors_info=\u00bb{}\u00bb sticky_enabled=\u00bb0&#8243;]<pee style=\"font-weight: bold; color: #b6ff00; font-size:1.2em;\">Estudi\u00f3 Dise\u00f1o y Comunicaci\u00f3n Visual en la Escuela Nacional de Artes Pl\u00e1sticas, y la<!-- [et_pb_line_break_holder] --><span style=\"font-size:1.2em; line-height:1.1em;\">Maestr\u00eda en Ilustraci\u00f3n de libros para ni\u00f1os en la Escuela de Arte de Cambridge.<\/span><\/pee><!-- [et_pb_line_break_holder] --><!-- [et_pb_line_break_holder] --><pee style=\"font-weight: bold; color: #b6ff00; font-size:1.2em;\">Ha colaborado como ilustradora con editoriales como <span style=\"font-size:1.2em; line-height:1.1em;\">El Naranjo, Santillana, Trilce, Castillo, Edeb\u00e9, Scholastic y Planeta.<\/span><\/pee>[\/et_pb_code][\/et_pb_column][\/et_pb_row][et_pb_row _builder_version=\u00bb4.17.4&#8243; _module_preset=\u00bbdefault\u00bb width=\u00bb65%\u00bb custom_margin=\u00bb0px||0px||false|false\u00bb custom_padding=\u00bb0px||0px||false|false\u00bb global_colors_info=\u00bb{}\u00bb][et_pb_column type=\u00bb4_4&#8243; _builder_version=\u00bb4.17.4&#8243; _module_preset=\u00bbdefault\u00bb global_colors_info=\u00bb{}\u00bb][et_pb_image src=\u00bbhttps:\/\/encuadre.org\/encuentro2022\/wp-content\/uploads\/2022\/08\/a50b132b-5c48-4380-b6db-6d6f7610adf4_rw_1920.jpg\u00bb title_text=\u00bba50b132b-5c48-4380-b6db-6d6f7610adf4_rw_1920&#8243; _builder_version=\u00bb4.17.4&#8243; _module_preset=\u00bbdefault\u00bb animation_style=\u00bbslide\u00bb animation_direction=\u00bbbottom\u00bb global_colors_info=\u00bb{}\u00bb][\/et_pb_image][\/et_pb_column][\/et_pb_row][et_pb_row column_structure=\u00bb1_3,1_3,1_3&#8243; use_custom_gutter=\u00bbon\u00bb gutter_width=\u00bb2&#8243; _builder_version=\u00bb4.17.4&#8243; _module_preset=\u00bbdefault\u00bb width=\u00bb65%\u00bb animation_style=\u00bbslide\u00bb animation_direction=\u00bbbottom\u00bb global_colors_info=\u00bb{}\u00bb][et_pb_column type=\u00bb1_3&#8243; _builder_version=\u00bb4.17.4&#8243; _module_preset=\u00bbdefault\u00bb global_colors_info=\u00bb{}\u00bb][et_pb_image src=\u00bbhttps:\/\/encuadre.org\/encuentro2022\/wp-content\/uploads\/2022\/08\/renata3.png\u00bb title_text=\u00bbrenata3&#8243; _builder_version=\u00bb4.17.4&#8243; _module_preset=\u00bbdefault\u00bb global_colors_info=\u00bb{}\u00bb][\/et_pb_image][\/et_pb_column][et_pb_column type=\u00bb1_3&#8243; _builder_version=\u00bb4.17.4&#8243; _module_preset=\u00bbdefault\u00bb global_colors_info=\u00bb{}\u00bb][et_pb_image src=\u00bbhttps:\/\/encuadre.org\/encuentro2022\/wp-content\/uploads\/2022\/08\/renata2.png\u00bb title_text=\u00bbrenata2&#8243; _builder_version=\u00bb4.17.4&#8243; _module_preset=\u00bbdefault\u00bb global_colors_info=\u00bb{}\u00bb][\/et_pb_image][\/et_pb_column][et_pb_column type=\u00bb1_3&#8243; _builder_version=\u00bb4.17.4&#8243; _module_preset=\u00bbdefault\u00bb global_colors_info=\u00bb{}\u00bb][et_pb_image src=\u00bbhttps:\/\/encuadre.org\/encuentro2022\/wp-content\/uploads\/2022\/08\/renata1.png\u00bb title_text=\u00bbrenata1&#8243; _builder_version=\u00bb4.17.4&#8243; _module_preset=\u00bbdefault\u00bb global_colors_info=\u00bb{}\u00bb][\/et_pb_image][\/et_pb_column][\/et_pb_row][\/et_pb_section][et_pb_section fb_built=\u00bb1&#8243; disabled_on=\u00bbon|on|off\u00bb module_id=\u00bbtaller\u00bb _builder_version=\u00bb4.17.4&#8243; background_color=\u00bb#b6ff00&#8243; module_alignment=\u00bbcenter\u00bb custom_margin=\u00bb||\u00bb custom_padding=\u00bb70px||0px||false|false\u00bb hover_enabled=\u00bb0&#8243; global_colors_info=\u00bb{}\u00bb sticky_enabled=\u00bb0&#8243; title_text=\u00bbhp_back2-23&#8243; background_position=\u00bbbottom_center\u00bb background_enable_image=\u00bboff\u00bb][et_pb_row _builder_version=\u00bb4.17.4&#8243; _module_preset=\u00bbdefault\u00bb width_tablet=\u00bb\u00bb width_phone=\u00bb65%\u00bb width_last_edited=\u00bbon|phone\u00bb hover_enabled=\u00bb0&#8243; global_colors_info=\u00bb{}\u00bb sticky_enabled=\u00bb0&#8243; width=\u00bb65%\u00bb custom_margin=\u00bb||||true|true\u00bb custom_padding=\u00bb2em|2em|2em|2em|true|true\u00bb background_enable_color=\u00bboff\u00bb][et_pb_column type=\u00bb4_4&#8243; _builder_version=\u00bb4.17.4&#8243; _module_preset=\u00bbdefault\u00bb global_colors_info=\u00bb{}\u00bb][et_pb_code _builder_version=\u00bb4.17.4&#8243; background_enable_image=\u00bboff\u00bb background_size=\u00bbcontain\u00bb background_position=\u00bbtop_right\u00bb animation_style=\u00bbslide\u00bb animation_direction=\u00bbbottom\u00bb hover_enabled=\u00bb0&#8243; background_last_edited=\u00bbon|phone\u00bb background_enable_image_phone=\u00bboff\u00bb global_colors_info=\u00bb{}\u00bb custom_css_after_last_edited=\u00bboff|phone\u00bb sticky_enabled=\u00bb0&#8243;]<!-- [et_pb_line_break_holder] --><\/p>\n<h1 style=\"font-weight:bold;text-align:center; font-size: 3em; color:#ba01ff;\">Taller: Composici\u00f3n para narrativa visual<!-- [et_pb_line_break_holder] --><\/h1>\n<p>[\/et_pb_code][\/et_pb_column][\/et_pb_row][\/et_pb_section][et_pb_section fb_built=\u00bb1&#8243; disabled_on=\u00bbon|on|off\u00bb module_id=\u00bbinicio\u00bb _builder_version=\u00bb4.17.4&#8243; background_color=\u00bb#b6ff00&#8243; background_image=\u00bbhttps:\/\/encuadre.org\/encuentro2022\/wp-content\/uploads\/2022\/06\/hp_back2-23.png\u00bb module_alignment=\u00bbcenter\u00bb custom_margin=\u00bb||\u00bb custom_padding=\u00bb70px||70px|||\u00bb hover_enabled=\u00bb0&#8243; global_colors_info=\u00bb{}\u00bb sticky_enabled=\u00bb0&#8243; title_text=\u00bbhp_back2-23&#8243; background_position=\u00bbtop_center\u00bb][et_pb_row _builder_version=\u00bb4.17.4&#8243; _module_preset=\u00bbdefault\u00bb width_tablet=\u00bb\u00bb width_phone=\u00bb65%\u00bb width_last_edited=\u00bbon|phone\u00bb hover_enabled=\u00bb0&#8243; global_colors_info=\u00bb{}\u00bb background_color=\u00bb#ba01ff\u00bb sticky_enabled=\u00bb0&#8243; width=\u00bb65%\u00bb custom_margin=\u00bb||||true|true\u00bb custom_padding=\u00bb2em|2em|2em|2em|true|true\u00bb animation_style=\u00bbfade\u00bb][et_pb_column type=\u00bb4_4&#8243; _builder_version=\u00bb4.17.4&#8243; _module_preset=\u00bbdefault\u00bb global_colors_info=\u00bb{}\u00bb][et_pb_code _builder_version=\u00bb4.17.4&#8243; background_enable_image=\u00bboff\u00bb background_size=\u00bbcontain\u00bb background_position=\u00bbtop_right\u00bb animation_style=\u00bbslide\u00bb animation_direction=\u00bbbottom\u00bb hover_enabled=\u00bb0&#8243; background_last_edited=\u00bbon|phone\u00bb background_enable_image_phone=\u00bboff\u00bb global_colors_info=\u00bb{}\u00bb custom_css_after_last_edited=\u00bboff|phone\u00bb sticky_enabled=\u00bb0&#8243;]<\/p>\n<div style=\"font-weight:bold; color:#b6ff00;\"><!-- [et_pb_line_break_holder] --><\/p>\n<h2 style=\"font-size:1.7em;margin:0 0 -.3em 0;color:#b6ff00;\">Descripci\u00f3n:<\/h2>\n<p><!-- [et_pb_line_break_holder] --><pee style=\"font-size:1.2em\"><!-- [et_pb_line_break_holder] -->  Taller para experimentar con la composici\u00f3n en una secuencia visual. Por medio recortes crearemos una serie de im\u00e1genes que cuenten una historia din\u00e1mica, gracias a composiciones dise\u00f1adas con una intenci\u00f3n clara.<!-- [et_pb_line_break_holder] --><\/pee><!-- [et_pb_line_break_holder] -->  <\/div>\n<p>[\/et_pb_code][\/et_pb_column][\/et_pb_row][et_pb_row _builder_version=\u00bb4.17.4&#8243; _module_preset=\u00bbdefault\u00bb width_tablet=\u00bb\u00bb width_phone=\u00bb65%\u00bb width_last_edited=\u00bbon|phone\u00bb hover_enabled=\u00bb0&#8243; global_colors_info=\u00bb{}\u00bb column_structure=\u00bb1_2,1_2&#8243; background_color=\u00bb#ba01ff\u00bb sticky_enabled=\u00bb0&#8243; width=\u00bb65%\u00bb custom_margin=\u00bb||||true|true\u00bb custom_padding=\u00bb2em|2em|2em|2em|true|true\u00bb animation_style=\u00bbfade\u00bb][et_pb_column type=\u00bb1_2&#8243; _builder_version=\u00bb4.17.4&#8243; _module_preset=\u00bbdefault\u00bb global_colors_info=\u00bb{}\u00bb][et_pb_code _builder_version=\u00bb4.17.4&#8243; background_enable_image=\u00bboff\u00bb background_size=\u00bbcontain\u00bb background_position=\u00bbtop_right\u00bb animation_style=\u00bbslide\u00bb animation_direction=\u00bbbottom\u00bb hover_enabled=\u00bb0&#8243; background_last_edited=\u00bbon|phone\u00bb background_enable_image_phone=\u00bboff\u00bb global_colors_info=\u00bb{}\u00bb custom_css_after_last_edited=\u00bboff|phone\u00bb sticky_enabled=\u00bb0&#8243;]<\/p>\n<div style=\"font-weight:bold; color:#b6ff00;\"><!-- [et_pb_line_break_holder] --><\/p>\n<h2 style=\"font-size:1.7em;margin:0 0 -.3em 0;color:#b6ff00;\">Materiales:<\/h2>\n<p><!-- [et_pb_line_break_holder] --><pee style=\"font-size:1.2em\"><!-- [et_pb_line_break_holder] -->Cada participante deber\u00e1 llevar: <\/p>\n<ul style=\"font-size:1.2em\"><!-- [et_pb_line_break_holder] --><\/p>\n<li><span style=\"line-height:.05em; font-size:.9em;\">Hojas de papel de los siguientes colores: rojo, verde oscuro, blanco, caf\u00e9, negro<\/span><\/li>\n<p><!-- [et_pb_line_break_holder] --><\/p>\n<li><span style=\"line-height:.05em; font-size:.9em;\">Tijeras o cutter<\/span><\/li>\n<p><!-- [et_pb_line_break_holder] --><\/p>\n<li><span style=\"line-height:.05em; font-size:.9em;\">Pegamento<\/span><\/li>\n<p><!-- [et_pb_line_break_holder] --><\/p>\n<li><span style=\"line-height:.05em; font-size:.9em;\">L\u00e1piz<\/span><\/li>\n<p><!-- [et_pb_line_break_holder] --><\/ul>\n<p><!-- [et_pb_line_break_holder] --><\/pee><!-- [et_pb_line_break_holder] -->  <\/div>\n<p>[\/et_pb_code][\/et_pb_column][et_pb_column type=\u00bb1_2&#8243; _builder_version=\u00bb4.17.4&#8243; _module_preset=\u00bbdefault\u00bb global_colors_info=\u00bb{}\u00bb][et_pb_code _builder_version=\u00bb4.17.4&#8243; background_enable_image=\u00bboff\u00bb background_size=\u00bbcontain\u00bb background_position=\u00bbtop_right\u00bb animation_style=\u00bbslide\u00bb animation_direction=\u00bbbottom\u00bb hover_enabled=\u00bb0&#8243; background_last_edited=\u00bbon|phone\u00bb background_enable_image_phone=\u00bboff\u00bb global_colors_info=\u00bb{}\u00bb custom_css_after_last_edited=\u00bboff|phone\u00bb sticky_enabled=\u00bb0&#8243; background_color=\u00bb#b6ff00&#8243; custom_padding=\u00bb2em|2em|2em|2em|true|true\u00bb custom_margin=\u00bb2em|2em|2em|2em|true|true\u00bb]<\/p>\n<div style=\"font-weight:bold; color:#ba01ff; text-align:center;\"><!-- [et_pb_line_break_holder] --><\/p>\n<h2 style=\"font-size:2.3em;color:#ba01ff;\">Duraci\u00f3n:<\/h2>\n<p><!-- [et_pb_line_break_holder] --><pee style=\"font-size:2.3em\"><!-- [et_pb_line_break_holder] -->2 horas<!-- [et_pb_line_break_holder] --><\/pee><!-- [et_pb_line_break_holder] -->  <\/div>\n<p>[\/et_pb_code][\/et_pb_column][\/et_pb_row][\/et_pb_section][et_pb_section fb_built=\u00bb1&#8243; disabled_on=\u00bboff|off|on\u00bb module_id=\u00bbinicio\u00bb _builder_version=\u00bb4.17.4&#8243; background_color=\u00bb#ba01ff\u00bb background_image=\u00bbhttps:\/\/encuadre.org\/encuentro2022\/wp-content\/uploads\/2022\/07\/back2-46.png\u00bb background_size=\u00bbcontain\u00bb background_repeat=\u00bbrepeat\u00bb module_alignment=\u00bbcenter\u00bb custom_margin=\u00bb||\u00bb custom_padding=\u00bb70px||70px|||\u00bb global_colors_info=\u00bb{}\u00bb][et_pb_row _builder_version=\u00bb4.17.4&#8243; _module_preset=\u00bbdefault\u00bb width_tablet=\u00bb\u00bb width_phone=\u00bb65%\u00bb width_last_edited=\u00bbon|phone\u00bb global_colors_info=\u00bb{}\u00bb][et_pb_column type=\u00bb4_4&#8243; _builder_version=\u00bb4.17.4&#8243; _module_preset=\u00bbdefault\u00bb global_colors_info=\u00bb{}\u00bb][et_pb_code _builder_version=\u00bb4.17.4&#8243; background_enable_image=\u00bboff\u00bb background_size=\u00bbcontain\u00bb background_position=\u00bbtop_right\u00bb animation_style=\u00bbslide\u00bb animation_direction=\u00bbbottom\u00bb background_last_edited=\u00bbon|phone\u00bb background_enable_image_phone=\u00bboff\u00bb global_colors_info=\u00bb{}\u00bb custom_css_after_last_edited=\u00bboff|phone\u00bb]<\/p>\n<h1 style=\"text-align:center; font-size: 2.5em; color:#b6ff00;\">El lenguaje visual <!\u2013- [et_pb_br_holder] -\u2013>de la ilustraci\u00f3n infantil<!-- [et_pb_line_break_holder] --><\/h1>\n<p>[\/et_pb_code][\/et_pb_column][\/et_pb_row][et_pb_row column_structure=\u00bb2_5,3_5&#8243; _builder_version=\u00bb4.17.4&#8243; background_enable_image=\u00bboff\u00bb background_size=\u00bbcontain\u00bb width=\u00bb65%\u00bb module_alignment=\u00bbcenter\u00bb animation_style=\u00bbslide\u00bb animation_direction=\u00bbbottom\u00bb animation_speed_curve=\u00bbease\u00bb background_last_edited=\u00bbon|desktop\u00bb global_colors_info=\u00bb{}\u00bb][et_pb_column type=\u00bb2_5&#8243; _builder_version=\u00bb4.16&#8243; custom_padding=\u00bb|||\u00bb global_colors_info=\u00bb{}\u00bb custom_padding__hover=\u00bb|||\u00bb][et_pb_image src=\u00bbhttps:\/\/encuadre.org\/encuentro2022\/wp-content\/uploads\/2022\/08\/ponentes_renata-galindo.png\u00bb title_text=\u00bbponentes_renata-galindo\u00bb url=\u00bbhttps:\/\/renatagalindo.com\/\u00bb url_new_window=\u00bbon\u00bb _builder_version=\u00bb4.17.4&#8243; _module_preset=\u00bbdefault\u00bb global_colors_info=\u00bb{}\u00bb][\/et_pb_image][et_pb_code _builder_version=\u00bb4.17.4&#8243; custom_margin=\u00bb||0.5em||false|false\u00bb link_option_url=\u00bbhttps:\/\/renatagalindo.com\/\u00bb link_option_url_new_window=\u00bbon\u00bb global_colors_info=\u00bb{}\u00bb]<\/p>\n<h3 style=\"color:#ba01ff;text-align: center; font-weight: bold; padding: .2em; font-size:2em; background-color: #b6ff00;\">Renata Galindo<\/h3>\n<p> [\/et_pb_code][et_pb_code _builder_version=\u00bb4.17.4&#8243; global_colors_info=\u00bb{}\u00bb]<pee style=\"text-align:center; font-weight: bold; color: #b6ff00; font-size:1.1em;\">ILUSTRADORA Y AUTORA<!-- [et_pb_line_break_holder] --><\/pee>[\/et_pb_code][\/et_pb_column][et_pb_column type=\u00bb3_5&#8243; _builder_version=\u00bb4.16&#8243; custom_padding=\u00bb|||\u00bb global_colors_info=\u00bb{}\u00bb custom_padding__hover=\u00bb|||\u00bb][et_pb_code _builder_version=\u00bb4.17.4&#8243; global_colors_info=\u00bb{}\u00bb]<pee style=\"font-weight: bold; color: #b6ff00; font-size:1.2em; text-align:center;\">Estudi\u00f3 Dise\u00f1o y Comunicaci\u00f3n Visual en la Escuela Nacional de Artes Pl\u00e1sticas, y la<!-- [et_pb_line_break_holder] --><span style=\"font-size:1.2em; line-height:1.1em;\">Maestr\u00eda en Ilustraci\u00f3n de libros para ni\u00f1os en la Escuela de Arte de Cambridge.<\/span><\/pee><!-- [et_pb_line_break_holder] --><!-- [et_pb_line_break_holder] --><pee style=\"font-weight: bold; color: #b6ff00; font-size:1.2em; text-align:center;\">Ha colaborado como ilustradora con editoriales como <span style=\"font-size:1.2em; line-height:1.1em;\">El Naranjo, Santillana, Trilce, Castillo, Edeb\u00e9, Scholastic y Planeta.<\/span><\/pee>[\/et_pb_code][\/et_pb_column][\/et_pb_row][et_pb_row column_structure=\u00bb1_3,1_3,1_3&#8243; make_equal=\u00bbon\u00bb _builder_version=\u00bb4.17.4&#8243; _module_preset=\u00bbdefault\u00bb width=\u00bb65%\u00bb module_alignment=\u00bbcenter\u00bb global_colors_info=\u00bb{}\u00bb][et_pb_column type=\u00bb1_3&#8243; _builder_version=\u00bb4.17.4&#8243; _module_preset=\u00bbdefault\u00bb global_colors_info=\u00bb{}\u00bb][et_pb_image src=\u00bbhttps:\/\/encuadre.org\/encuentro2022\/wp-content\/uploads\/2022\/08\/renata3.png\u00bb title_text=\u00bbrenata3&#8243; _builder_version=\u00bb4.17.4&#8243; _module_preset=\u00bbdefault\u00bb global_colors_info=\u00bb{}\u00bb][\/et_pb_image][\/et_pb_column][et_pb_column type=\u00bb1_3&#8243; _builder_version=\u00bb4.17.4&#8243; _module_preset=\u00bbdefault\u00bb global_colors_info=\u00bb{}\u00bb][et_pb_image src=\u00bbhttps:\/\/encuadre.org\/encuentro2022\/wp-content\/uploads\/2022\/08\/renata2.png\u00bb title_text=\u00bbrenata2&#8243; align=\u00bbcenter\u00bb _builder_version=\u00bb4.17.4&#8243; _module_preset=\u00bbdefault\u00bb global_colors_info=\u00bb{}\u00bb][\/et_pb_image][\/et_pb_column][et_pb_column type=\u00bb1_3&#8243; _builder_version=\u00bb4.17.4&#8243; _module_preset=\u00bbdefault\u00bb global_colors_info=\u00bb{}\u00bb][et_pb_image src=\u00bbhttps:\/\/encuadre.org\/encuentro2022\/wp-content\/uploads\/2022\/08\/renata1.png\u00bb title_text=\u00bbrenata1&#8243; align=\u00bbcenter\u00bb _builder_version=\u00bb4.17.4&#8243; _module_preset=\u00bbdefault\u00bb global_colors_info=\u00bb{}\u00bb][\/et_pb_image][\/et_pb_column][\/et_pb_row][et_pb_row _builder_version=\u00bb4.17.4&#8243; _module_preset=\u00bbdefault\u00bb width=\u00bb65%\u00bb global_colors_info=\u00bb{}\u00bb][et_pb_column type=\u00bb4_4&#8243; _builder_version=\u00bb4.17.4&#8243; _module_preset=\u00bbdefault\u00bb global_colors_info=\u00bb{}\u00bb][et_pb_image src=\u00bbhttps:\/\/encuadre.org\/encuentro2022\/wp-content\/uploads\/2022\/08\/a50b132b-5c48-4380-b6db-6d6f7610adf4_rw_1920.jpg\u00bb title_text=\u00bba50b132b-5c48-4380-b6db-6d6f7610adf4_rw_1920&#8243; _builder_version=\u00bb4.17.4&#8243; _module_preset=\u00bbdefault\u00bb global_colors_info=\u00bb{}\u00bb][\/et_pb_image][\/et_pb_column][\/et_pb_row][\/et_pb_section][et_pb_section fb_built=\u00bb1&#8243; disabled_on=\u00bboff|off|on\u00bb module_id=\u00bbtaller\u00bb _builder_version=\u00bb4.17.4&#8243; background_color=\u00bb#b6ff00&#8243; module_alignment=\u00bbcenter\u00bb custom_margin=\u00bb||\u00bb custom_padding=\u00bb70px||0px||false|false\u00bb hover_enabled=\u00bb0&#8243; global_colors_info=\u00bb{}\u00bb sticky_enabled=\u00bb0&#8243; title_text=\u00bbhp_back2-23&#8243; background_position=\u00bbbottom_center\u00bb background_enable_image=\u00bboff\u00bb][et_pb_row _builder_version=\u00bb4.17.4&#8243; _module_preset=\u00bbdefault\u00bb width_tablet=\u00bb\u00bb width_phone=\u00bb75%\u00bb width_last_edited=\u00bbon|phone\u00bb hover_enabled=\u00bb0&#8243; global_colors_info=\u00bb{}\u00bb sticky_enabled=\u00bb0&#8243; width=\u00bb65%\u00bb custom_margin=\u00bb||||true|true\u00bb custom_padding=\u00bb0em|2em|0em|2em|false|true\u00bb background_enable_color=\u00bboff\u00bb module_alignment=\u00bbcenter\u00bb][et_pb_column type=\u00bb4_4&#8243; _builder_version=\u00bb4.17.4&#8243; _module_preset=\u00bbdefault\u00bb global_colors_info=\u00bb{}\u00bb][et_pb_code _builder_version=\u00bb4.17.4&#8243; background_enable_image=\u00bboff\u00bb background_size=\u00bbcontain\u00bb background_position=\u00bbtop_right\u00bb animation_style=\u00bbslide\u00bb animation_direction=\u00bbbottom\u00bb hover_enabled=\u00bb0&#8243; background_last_edited=\u00bbon|phone\u00bb background_enable_image_phone=\u00bboff\u00bb global_colors_info=\u00bb{}\u00bb custom_css_after_last_edited=\u00bboff|phone\u00bb sticky_enabled=\u00bb0&#8243;]<!-- [et_pb_line_break_holder] --><\/p>\n<h1 style=\"font-weight:bold;text-align:center; font-size: 1.9em; color:#ba01ff;\">Taller: Composici\u00f3n para narrativa visual<!-- [et_pb_line_break_holder] --><\/h1>\n<p>[\/et_pb_code][\/et_pb_column][\/et_pb_row][\/et_pb_section][et_pb_section fb_built=\u00bb1&#8243; disabled_on=\u00bboff|off|on\u00bb module_id=\u00bbinicio\u00bb _builder_version=\u00bb4.17.4&#8243; background_color=\u00bb#b6ff00&#8243; background_image=\u00bbhttps:\/\/encuadre.org\/encuentro2022\/wp-content\/uploads\/2022\/06\/hp_back2-23.png\u00bb module_alignment=\u00bbcenter\u00bb custom_margin=\u00bb||\u00bb custom_padding=\u00bb70px||70px|||\u00bb hover_enabled=\u00bb0&#8243; global_colors_info=\u00bb{}\u00bb sticky_enabled=\u00bb0&#8243; title_text=\u00bbhp_back2-23&#8243; background_position=\u00bbtop_center\u00bb admin_label=\u00bbSecci\u00f3n\u00bb][et_pb_row _builder_version=\u00bb4.17.4&#8243; _module_preset=\u00bbdefault\u00bb width_tablet=\u00bb\u00bb width_phone=\u00bb75%\u00bb width_last_edited=\u00bbon|phone\u00bb hover_enabled=\u00bb0&#8243; global_colors_info=\u00bb{}\u00bb background_color=\u00bb#ba01ff\u00bb sticky_enabled=\u00bb0&#8243; width=\u00bb65%\u00bb custom_margin=\u00bb||||true|true\u00bb custom_padding=\u00bb2em|2em|2em|2em|true|true\u00bb animation_style=\u00bbfade\u00bb][et_pb_column type=\u00bb4_4&#8243; _builder_version=\u00bb4.17.4&#8243; _module_preset=\u00bbdefault\u00bb global_colors_info=\u00bb{}\u00bb][et_pb_code _builder_version=\u00bb4.17.4&#8243; background_enable_image=\u00bboff\u00bb background_size=\u00bbcontain\u00bb background_position=\u00bbtop_right\u00bb animation_style=\u00bbslide\u00bb animation_direction=\u00bbbottom\u00bb hover_enabled=\u00bb0&#8243; background_last_edited=\u00bbon|phone\u00bb background_enable_image_phone=\u00bboff\u00bb global_colors_info=\u00bb{}\u00bb custom_css_after_last_edited=\u00bboff|phone\u00bb sticky_enabled=\u00bb0&#8243;]<\/p>\n<div style=\"font-weight:bold; color:#b6ff00; text-align:center;\"><!-- [et_pb_line_break_holder] --><\/p>\n<h2 style=\"font-size:1.7em;margin:0 0 -.3em 0;color:#b6ff00;\">Descripci\u00f3n:<\/h2>\n<p><!-- [et_pb_line_break_holder] --><pee style=\"font-size:1.2em\"><!-- [et_pb_line_break_holder] -->  Taller para experimentar con la composici\u00f3n en una secuencia visual. Por medio recortes crearemos una serie de im\u00e1genes que cuenten una historia din\u00e1mica, gracias a composiciones dise\u00f1adas con una intenci\u00f3n clara.<!-- [et_pb_line_break_holder] --><\/pee><!-- [et_pb_line_break_holder] -->  <\/div>\n<p>[\/et_pb_code][\/et_pb_column][\/et_pb_row][et_pb_row _builder_version=\u00bb4.17.4&#8243; _module_preset=\u00bbdefault\u00bb width_tablet=\u00bb\u00bb width_phone=\u00bb75%\u00bb width_last_edited=\u00bbon|phone\u00bb hover_enabled=\u00bb0&#8243; global_colors_info=\u00bb{}\u00bb column_structure=\u00bb1_2,1_2&#8243; background_color=\u00bb#ba01ff\u00bb sticky_enabled=\u00bb0&#8243; width=\u00bb65%\u00bb custom_margin=\u00bb||||true|true\u00bb custom_padding=\u00bb2em|2em|2em|2em|true|true\u00bb animation_style=\u00bbfade\u00bb][et_pb_column type=\u00bb1_2&#8243; _builder_version=\u00bb4.17.4&#8243; _module_preset=\u00bbdefault\u00bb global_colors_info=\u00bb{}\u00bb][et_pb_code _builder_version=\u00bb4.17.4&#8243; background_enable_image=\u00bboff\u00bb background_size=\u00bbcontain\u00bb background_position=\u00bbtop_right\u00bb animation_style=\u00bbslide\u00bb animation_direction=\u00bbbottom\u00bb hover_enabled=\u00bb0&#8243; background_last_edited=\u00bbon|phone\u00bb background_enable_image_phone=\u00bboff\u00bb global_colors_info=\u00bb{}\u00bb custom_css_after_last_edited=\u00bboff|phone\u00bb sticky_enabled=\u00bb0&#8243;]<\/p>\n<div style=\"font-weight:bold; color:#b6ff00;\"><!-- [et_pb_line_break_holder] --><\/p>\n<h2 style=\"text-align:center; font-size:1.7em;margin:0 0 -.3em 0;color:#b6ff00;\">Materiales:<\/h2>\n<p><!-- [et_pb_line_break_holder] --><pee style=\"text-align:center; font-size:1.2em\"><!-- [et_pb_line_break_holder] -->Cada participante deber\u00e1 llevar: <\/p>\n<ul style=\"font-size:1.2em\"><!-- [et_pb_line_break_holder] --><\/p>\n<li><span style=\"line-height:.05em; font-size:.9em;\">Hojas de papel de los siguientes colores: rojo, verde oscuro, blanco, caf\u00e9, negro<\/span><\/li>\n<p><!-- [et_pb_line_break_holder] --><\/p>\n<li><span style=\"line-height:.05em; font-size:.9em;\">Tijeras o cutter<\/span><\/li>\n<p><!-- [et_pb_line_break_holder] --><\/p>\n<li><span style=\"line-height:.05em; font-size:.9em;\">Pegamento<\/span><\/li>\n<p><!-- [et_pb_line_break_holder] --><\/p>\n<li><span style=\"line-height:.05em; font-size:.9em;\">L\u00e1piz<\/span><\/li>\n<p><!-- [et_pb_line_break_holder] --><\/ul>\n<p><!-- [et_pb_line_break_holder] --><\/pee><!-- [et_pb_line_break_holder] -->  <\/div>\n<p>[\/et_pb_code][\/et_pb_column][et_pb_column type=\u00bb1_2&#8243; _builder_version=\u00bb4.17.4&#8243; _module_preset=\u00bbdefault\u00bb global_colors_info=\u00bb{}\u00bb][et_pb_code _builder_version=\u00bb4.17.4&#8243; background_enable_image=\u00bboff\u00bb background_size=\u00bbcontain\u00bb background_position=\u00bbtop_right\u00bb animation_style=\u00bbslide\u00bb animation_direction=\u00bbbottom\u00bb hover_enabled=\u00bb0&#8243; background_last_edited=\u00bbon|phone\u00bb background_enable_image_phone=\u00bboff\u00bb global_colors_info=\u00bb{}\u00bb custom_css_after_last_edited=\u00bboff|phone\u00bb sticky_enabled=\u00bb0&#8243; background_color=\u00bb#b6ff00&#8243; custom_padding=\u00bb2em|2em|2em|2em|true|true\u00bb custom_margin=\u00bb1em|1em|1em|1em|true|true\u00bb]<\/p>\n<div style=\"font-weight:bold; color:#ba01ff; text-align:center;\"><!-- [et_pb_line_break_holder] --><\/p>\n<h2 style=\"font-size:2em;color:#ba01ff;\">Duraci\u00f3n:<\/h2>\n<p><!-- [et_pb_line_break_holder] --><pee style=\"font-size:2em\"><!-- [et_pb_line_break_holder] -->2 horas<!-- [et_pb_line_break_holder] --><\/pee><!-- [et_pb_line_break_holder] -->  <\/div>\n<p>[\/et_pb_code][\/et_pb_column][\/et_pb_row][\/et_pb_section][et_pb_section fb_built=\u00bb1&#8243; _builder_version=\u00bb4.17.4&#8243; _module_preset=\u00bbdefault\u00bb background_color=\u00bb#228dff\u00bb global_colors_info=\u00bb{}\u00bb][et_pb_row _builder_version=\u00bb4.17.4&#8243; _module_preset=\u00bbdefault\u00bb global_colors_info=\u00bb{}\u00bb][et_pb_column type=\u00bb4_4&#8243; _builder_version=\u00bb4.17.4&#8243; _module_preset=\u00bbdefault\u00bb global_colors_info=\u00bb{}\u00bb][et_pb_button button_url=\u00bbhttps:\/\/encuadre.org\/encuentro2022#ponentes\u00bb button_text=\u00bbREGRESAR\u00bb button_alignment=\u00bbcenter\u00bb _builder_version=\u00bb4.17.4&#8243; _module_preset=\u00bbdefault\u00bb custom_button=\u00bbon\u00bb button_text_size=\u00bb25px\u00bb button_text_color=\u00bb#228dff\u00bb button_bg_color=\u00bb#b6ff00&#8243; button_font=\u00bbSignika Negative|600|||||||\u00bb background_layout=\u00bbdark\u00bb global_colors_info=\u00bb{}\u00bb][\/et_pb_button][\/et_pb_column][\/et_pb_row][\/et_pb_section]<\/p>\n","protected":false},"excerpt":{"rendered":"","protected":false},"author":1,"featured_media":0,"parent":0,"menu_order":0,"comment_status":"closed","ping_status":"closed","template":"","meta":{"_et_pb_use_builder":"on","_et_pb_old_content":"","_et_gb_content_width":""},"_links":{"self":[{"href":"https:\/\/encuadre.org\/encuentro2022\/wp-json\/wp\/v2\/pages\/216270"}],"collection":[{"href":"https:\/\/encuadre.org\/encuentro2022\/wp-json\/wp\/v2\/pages"}],"about":[{"href":"https:\/\/encuadre.org\/encuentro2022\/wp-json\/wp\/v2\/types\/page"}],"author":[{"embeddable":true,"href":"https:\/\/encuadre.org\/encuentro2022\/wp-json\/wp\/v2\/users\/1"}],"replies":[{"embeddable":true,"href":"https:\/\/encuadre.org\/encuentro2022\/wp-json\/wp\/v2\/comments?post=216270"}],"version-history":[{"count":20,"href":"https:\/\/encuadre.org\/encuentro2022\/wp-json\/wp\/v2\/pages\/216270\/revisions"}],"predecessor-version":[{"id":216551,"href":"https:\/\/encuadre.org\/encuentro2022\/wp-json\/wp\/v2\/pages\/216270\/revisions\/216551"}],"wp:attachment":[{"href":"https:\/\/encuadre.org\/encuentro2022\/wp-json\/wp\/v2\/media?parent=216270"}],"curies":[{"name":"wp","href":"https:\/\/api.w.org\/{rel}","templated":true}]}}